{"id":745,"date":"2021-01-07T17:27:41","date_gmt":"2021-01-07T17:27:41","guid":{"rendered":"https:\/\/colegiotecnova.com.ar\/?page_id=745"},"modified":"2026-04-15T19:05:42","modified_gmt":"2026-04-15T19:05:42","slug":"comedor-escolar","status":"publish","type":"page","link":"https:\/\/colegiotecnova.com.ar\/secundario\/comedor-escolar\/","title":{"rendered":"Comedor Escolar"},"content":{"rendered":"\n\t<section class=\"section comedor\" id=\"section_2099431090\">\n\t\t<div class=\"bg section-bg fill bg-fill  bg-loaded\" >\n\n\t\t\t\n\t\t\t\n\t\t\t\n\n\t\t<\/div>\n\n\t\t\n\n\t\t<div class=\"section-content relative\">\n\t\t\t\n\n<div class=\"row\"  id=\"row-330030759\">\n\n\n\t<div id=\"col-1962845889\" class=\"col medium-12 small-12 large-12\"  >\n\t\t\t\t<div class=\"col-inner\"  >\n\t\t\t\n\t\t\t\n\n<p class=\"pNone\"><img loading=\"lazy\" decoding=\"async\" class=\"alignnone size-full wp-image-1558\" src=\"https:\/\/colegiotecnova.com.ar\/secundario\/wp-content\/uploads\/2025\/06\/Diseno-sin-titulo-4.jpg\" alt=\"\" width=\"1920\" height=\"1080\" srcset=\"https:\/\/colegiotecnova.com.ar\/secundario\/wp-content\/uploads\/2025\/06\/Diseno-sin-titulo-4.jpg 1920w, https:\/\/colegiotecnova.com.ar\/secundario\/wp-content\/uploads\/2025\/06\/Diseno-sin-titulo-4-768x432.jpg 768w, https:\/\/colegiotecnova.com.ar\/secundario\/wp-content\/uploads\/2025\/06\/Diseno-sin-titulo-4-1536x864.jpg 1536w\" sizes=\"auto, (max-width: 1920px) 100vw, 1920px\" \/><\/p>\n\n\t\t<\/div>\n\t\t\t\t\t<\/div>\n\n\t\n\n\t<div id=\"col-1955501103\" class=\"col medium-12 small-12 large-12\"  >\n\t\t\t\t<div class=\"col-inner\"  >\n\t\t\t\n\t\t\t\n\n<h3>Requerimientos del Uso del comedor escolar:<\/h3>\n<h3><strong>SERVICIO DE VIANDAS:<\/strong><\/h3>\n<p>Aquellos alumnos que concurran al comedor bajo esta modalidad, deber\u00e1n traer una mochila o lunchera con&#8230;<\/p>\n<ul>\n<li>\u2192 Tenedor, cuchara y vaso\u00a0<\/li>\n<li>\u2192 Tapperware (con tapa) el tama\u00f1o deber\u00e1 ser proporcional a la cantidad de comida enviada<\/li>\n<li>\u2192 Botella con bebida.<\/li>\n<li>\u2192 Postre (fr<span style=\"font-size: 14.4px;\">uta, yogurt, etc.) opcional<\/span><\/li>\n<li>\u2192 Los alimentos tienen que estar cortados y condimentados, listos para servir, ya que en comedor los alumnos no utilizan cuchillos.<\/li>\n<li>\u2192 Separar ensaladas o alimentos que no deben calentarse con los que s\u00ed.<\/li>\n<li>\u2192 Por razones de seguridad, est\u00e1 prohibido traer pescado<\/li>\n<li>\u2192 Adem\u00e1s, deber\u00e1n traer todos los d\u00edas en una bolsita o estuche, los elementos de higiene personal (cepillo de dientes, dent\u00edfrico y toalla peque\u00f1a)<\/li>\n<\/ul>\n<h3 class=\"pNone aclaracion\"><strong>SERVICIO DE CATERING:<\/strong><\/h3>\n<ul>\n<li>Aquellos alumnos que concurran al comedor bajo esta modalidad, deber\u00e1n traer todos los d\u00edas en una bolsita o estuche, los elementos de higiene personal (cepillo de dientes, dent\u00edfrico y toalla peque\u00f1a)<\/li>\n<\/ul>\n<h6><em>*Todos los elementos deber\u00e1n tener nombre y apellido sin excepci\u00f3n.<\/em><\/h6>\n<h3 data-opacity=\"0.9\">Men\u00fa Catering Abril 2026<\/h3>\n<p data-padding=\"5px\" data-opacity=\"0.9\"><span data-text-color=\"primary\"><span style=\"font-size: 14.4px;\">\u00a0<\/span>*Sujeto a modificaciones<\/span><\/p>\n<table class=\"menu-table\" style=\"height: 752px;\" width=\"507\">\n<tbody>\n<tr class=\"titulo\">\n<td>Semana<\/td>\n<td>Lunes<\/td>\n<td>Martes<\/td>\n<td>Mi\u00e9rcoles<\/td>\n<td>Jueves<\/td>\n<td>Viernes<\/td>\n<\/tr>\n<tr>\n<td class=\"semana\">\n<h5 style=\"text-align: center;\">\u00a01\u00ba<\/h5>\n<h5 style=\"text-align: center;\">30\/3 al 3\/4<\/h5>\n<\/td>\n<td>\n<h5>Spaguetti con salsa pomarola y queso<\/h5>\n<h5>Duraznos en almibar<\/h5>\n<\/td>\n<td>\n<h5>Risotto de pollo (pollo, arroz amarillo, zanahoria, arvejas)<\/h5>\n<h5>Gelatina<\/h5>\n<\/td>\n<td>\n<h5>Wok de carne con vegetales salteados y fideos<\/h5>\n<h5>Arrollado de dulce de leche<\/h5>\n<\/td>\n<td>\n<h5 style=\"text-align: center;\">FERIADO<\/h5>\n<\/td>\n<td>\n<h5 style=\"text-align: center;\">FERIADO<\/h5>\n<\/td>\n<\/tr>\n<tr>\n<td class=\"semana\">\n<h5 style=\"text-align: center;\">2\u00b0<\/h5>\n<h5 style=\"text-align: center;\">6\/4 al 10\/4<\/h5>\n<\/td>\n<td>\n<h5 style=\"text-align: left;\">Fideos mostachole con salsa cuatro quesos<\/h5>\n<h5>Postre de chocolate<\/h5>\n<\/td>\n<td style=\"text-align: left;\">\n<h5 style=\"text-align: left;\">Wok de pollo con vegetales salteados y arroz<\/h5>\n<h5>Alfajor con dulce de leche<\/h5>\n<\/td>\n<td style=\"text-align: left;\">\n<h5>Milanesa de carne con ensalada\u00a0<\/h5>\n<h5>Fruta en cubos<\/h5>\n<\/td>\n<td style=\"text-align: left;\">\n<h5>Cazuela de ternerita con vegetales y fideos<\/h5>\n<h5>Gelatina con yogur<\/h5>\n<\/td>\n<td>\n<h5 style=\"text-align: left;\">Sopita de vegetales<\/h5>\n<h5 style=\"text-align: left;\">Festival de pizzetas<\/h5>\n<h5 style=\"text-align: left;\">Flan con dulce de leche<\/h5>\n<\/td>\n<\/tr>\n<tr>\n<td class=\"semana\" style=\"text-align: center;\">\n<h5>3\u00b0<\/h5>\n<h5>13\/4 al 17\/4<\/h5>\n<\/td>\n<td>\n<h5 style=\"text-align: left;\">Tallarines con salsa rosa (crema y pomarola)<\/h5>\n<h5>Arrollado dulce de leche<\/h5>\n<\/td>\n<td style=\"text-align: left;\">\n<h5 style=\"text-align: left;\">Pollo al verdeo con papas y batatas al horno<\/h5>\n<h5>Gelatina<\/h5>\n<\/td>\n<td style=\"text-align: left;\">\n<h5>Guisado de arroz con lentejas, vegetales y ternera<\/h5>\n<h5>Bizcochuelo marmolado<\/h5>\n<\/td>\n<td style=\"text-align: left;\">\n<h5>Medallones de pollo con pure<\/h5>\n<h5>Fruta en cubos<\/h5>\n<\/td>\n<td style=\"text-align: left;\">\n<h5>Sopita de vegetales<\/h5>\n<h5>Variedad de empanadas\u00a0<\/h5>\n<h5>Helado<\/h5>\n<\/td>\n<\/tr>\n<tr>\n<td class=\"semana\">\n<h5 style=\"text-align: center;\">4\u00b0<\/h5>\n<h5 style=\"text-align: center;\">20\/4 al 24\/4<\/h5>\n<\/td>\n<td style=\"text-align: center;\">\n<h5>Fideos tirabuzon con salsa filleto y queso<\/h5>\n<p>Bizcochuelo marmolado<\/p>\n<\/td>\n<td style=\"text-align: center;\">\n<h5>Wok de pollo con vegetales salteados y arroz<\/h5>\n<p>Flan con dulce de leche<\/p>\n<\/td>\n<td>\n<h5>Bifecito a la criolla con papas baston al horno<\/h5>\n<h5>Gelatina con yogur<\/h5>\n<\/td>\n<td>\n<h5>Milanesa de pollo con ensalada<\/h5>\n<p>Fruta en cubos<\/p>\n<\/td>\n<td style=\"text-align: center;\">\n<h5 style=\"text-align: left;\">Sopita de vegetales<\/h5>\n<h5 style=\"text-align: left;\">Festival de pizzetas<\/h5>\n<h5 style=\"text-align: left;\">Postre de chocolate<\/h5>\n<\/td>\n<\/tr>\n<tr>\n<td class=\"semana\" style=\"text-align: center;\">\n<p>5\u00ba<\/p>\n<p>27\/4 al 1\/5<\/p>\n<\/td>\n<td>\n<h5>Spaguetti con salsa pomarola y queso<\/h5>\n<p>Postre de vainilla<\/p>\n<\/td>\n<td>\n<h5>Risotto de pollo (pollo, arroz amarillo, zanahoria, arvejas)<\/h5>\n<h5>Alfajor dulce de leche<\/h5>\n<\/td>\n<td>\n<h5>Wok de carne con vegetales salteados y fideos<\/h5>\n<h5>Gelatina con yogur<\/h5>\n<\/td>\n<td>\n<h5>Sopita de vegetales<\/h5>\n<h5>Variedad de empanadas\u00a0<\/h5>\n<p>Flan con dulce de leche<\/p>\n<\/td>\n<td>\u00a0<\/td>\n<\/tr>\n<\/tbody>\n<\/table>\n<h4>Bebida: Jugo o Agua.<\/h4>\n<h4><em>*Consultar por men\u00fa para celiacos o vegetarianos.<\/em><\/h4>\n\n\t\t<\/div>\n\t\t\t\t\t<\/div>\n\n\t\n\n<\/div>\n\n\t\t<\/div>\n\n\t\t\n<style>\n#section_2099431090 {\n  padding-top: 50px;\n  padding-bottom: 50px;\n}\n<\/style>\n\t<\/section>\n\t\n\t<section class=\"section menu-comedor\" id=\"section_1062209141\">\n\t\t<div class=\"bg section-bg fill bg-fill  bg-loaded\" >\n\n\t\t\t\n\t\t\t\n\t\t\t\n\n\t\t<\/div>\n\n\t\t\n\n\t\t<div class=\"section-content relative\">\n\t\t\t\n\n<div class=\"row\"  id=\"row-303907845\">\n\n\n\t<div id=\"col-1091171953\" class=\"col small-12 large-12\"  >\n\t\t\t\t<div class=\"col-inner\"  >\n\t\t\t\n\t\t\t\n\n\t<div id=\"gap-970799119\" class=\"gap-element clearfix\" style=\"display:block; height:auto;\">\n\t\t\n<style>\n#gap-970799119 {\n  padding-top: 22px;\n}\n<\/style>\n\t<\/div>\n\t\n\n\n\t\t<\/div>\n\t\t\t\t\t<\/div>\n\n\t\n\n<\/div>\n\n\t\t<\/div>\n\n\t\t\n<style>\n#section_1062209141 {\n  padding-top: 0px;\n  padding-bottom: 0px;\n}\n<\/style>\n\t<\/section>\n\t\n\n","protected":false},"excerpt":{"rendered":"","protected":false},"author":1,"featured_media":0,"parent":0,"menu_order":0,"comment_status":"closed","ping_status":"closed","template":"page-blank.php","meta":{"_joinchat":[],"footnotes":""},"class_list":["post-745","page","type-page","status-publish","hentry"],"yoast_head":"<!-- This site is optimized with the Yoast SEO plugin v23.0 - https:\/\/yoast.com\/wordpress\/plugins\/seo\/ -->\n<title>Comedor Escolar - Colegio Tecnova<\/title>\n<meta name=\"robots\" content=\"index, follow, max-snippet:-1, max-image-preview:large, max-video-preview:-1\" \/>\n<link rel=\"canonical\" href=\"https:\/\/colegiotecnova.com.ar\/secundario\/comedor-escolar\/\" \/>\n<meta property=\"og:locale\" content=\"es_ES\" \/>\n<meta property=\"og:type\" content=\"article\" \/>\n<meta property=\"og:title\" content=\"Comedor Escolar - Colegio Tecnova\" \/>\n<meta property=\"og:url\" content=\"https:\/\/colegiotecnova.com.ar\/secundario\/comedor-escolar\/\" \/>\n<meta property=\"og:site_name\" content=\"Colegio Tecnova\" \/>\n<meta property=\"article:modified_time\" content=\"2026-04-15T19:05:42+00:00\" \/>\n<meta property=\"og:image\" content=\"https:\/\/colegiotecnova.com.ar\/secundario\/wp-content\/uploads\/2025\/06\/Diseno-sin-titulo-4.jpg\" \/>\n<meta name=\"twitter:card\" content=\"summary_large_image\" \/>\n<meta name=\"twitter:label1\" content=\"Tiempo de lectura\" \/>\n\t<meta name=\"twitter:data1\" content=\"2 minutos\" \/>\n<script type=\"application\/ld+json\" class=\"yoast-schema-graph\">{\"@context\":\"https:\/\/schema.org\",\"@graph\":[{\"@type\":\"WebPage\",\"@id\":\"https:\/\/colegiotecnova.com.ar\/secundario\/comedor-escolar\/\",\"url\":\"https:\/\/colegiotecnova.com.ar\/secundario\/comedor-escolar\/\",\"name\":\"Comedor Escolar - Colegio Tecnova\",\"isPartOf\":{\"@id\":\"https:\/\/colegiotecnova.com.ar\/secundario\/#website\"},\"primaryImageOfPage\":{\"@id\":\"https:\/\/colegiotecnova.com.ar\/secundario\/comedor-escolar\/#primaryimage\"},\"image\":{\"@id\":\"https:\/\/colegiotecnova.com.ar\/secundario\/comedor-escolar\/#primaryimage\"},\"thumbnailUrl\":\"https:\/\/colegiotecnova.com.ar\/secundario\/wp-content\/uploads\/2025\/06\/Diseno-sin-titulo-4.jpg\",\"datePublished\":\"2021-01-07T17:27:41+00:00\",\"dateModified\":\"2026-04-15T19:05:42+00:00\",\"breadcrumb\":{\"@id\":\"https:\/\/colegiotecnova.com.ar\/secundario\/comedor-escolar\/#breadcrumb\"},\"inLanguage\":\"es\",\"potentialAction\":[{\"@type\":\"ReadAction\",\"target\":[\"https:\/\/colegiotecnova.com.ar\/secundario\/comedor-escolar\/\"]}]},{\"@type\":\"ImageObject\",\"inLanguage\":\"es\",\"@id\":\"https:\/\/colegiotecnova.com.ar\/secundario\/comedor-escolar\/#primaryimage\",\"url\":\"https:\/\/colegiotecnova.com.ar\/secundario\/wp-content\/uploads\/2025\/06\/Diseno-sin-titulo-4.jpg\",\"contentUrl\":\"https:\/\/colegiotecnova.com.ar\/secundario\/wp-content\/uploads\/2025\/06\/Diseno-sin-titulo-4.jpg\",\"width\":1920,\"height\":1080},{\"@type\":\"BreadcrumbList\",\"@id\":\"https:\/\/colegiotecnova.com.ar\/secundario\/comedor-escolar\/#breadcrumb\",\"itemListElement\":[{\"@type\":\"ListItem\",\"position\":1,\"name\":\"Portada\",\"item\":\"https:\/\/colegiotecnova.com.ar\/secundario\/\"},{\"@type\":\"ListItem\",\"position\":2,\"name\":\"Comedor Escolar\"}]},{\"@type\":\"WebSite\",\"@id\":\"https:\/\/colegiotecnova.com.ar\/secundario\/#website\",\"url\":\"https:\/\/colegiotecnova.com.ar\/secundario\/\",\"name\":\"Colegio Tecnova\",\"description\":\"Nivel Secundario\",\"potentialAction\":[{\"@type\":\"SearchAction\",\"target\":{\"@type\":\"EntryPoint\",\"urlTemplate\":\"https:\/\/colegiotecnova.com.ar\/secundario\/?s={search_term_string}\"},\"query-input\":\"required name=search_term_string\"}],\"inLanguage\":\"es\"}]}<\/script>\n<!-- \/ Yoast SEO plugin. -->","yoast_head_json":{"title":"Comedor Escolar - Colegio Tecnova","robots":{"index":"index","follow":"follow","max-snippet":"max-snippet:-1","max-image-preview":"max-image-preview:large","max-video-preview":"max-video-preview:-1"},"canonical":"https:\/\/colegiotecnova.com.ar\/secundario\/comedor-escolar\/","og_locale":"es_ES","og_type":"article","og_title":"Comedor Escolar - Colegio Tecnova","og_url":"https:\/\/colegiotecnova.com.ar\/secundario\/comedor-escolar\/","og_site_name":"Colegio Tecnova","article_modified_time":"2026-04-15T19:05:42+00:00","og_image":[{"url":"https:\/\/colegiotecnova.com.ar\/secundario\/wp-content\/uploads\/2025\/06\/Diseno-sin-titulo-4.jpg"}],"twitter_card":"summary_large_image","twitter_misc":{"Tiempo de lectura":"2 minutos"},"schema":{"@context":"https:\/\/schema.org","@graph":[{"@type":"WebPage","@id":"https:\/\/colegiotecnova.com.ar\/secundario\/comedor-escolar\/","url":"https:\/\/colegiotecnova.com.ar\/secundario\/comedor-escolar\/","name":"Comedor Escolar - Colegio Tecnova","isPartOf":{"@id":"https:\/\/colegiotecnova.com.ar\/secundario\/#website"},"primaryImageOfPage":{"@id":"https:\/\/colegiotecnova.com.ar\/secundario\/comedor-escolar\/#primaryimage"},"image":{"@id":"https:\/\/colegiotecnova.com.ar\/secundario\/comedor-escolar\/#primaryimage"},"thumbnailUrl":"https:\/\/colegiotecnova.com.ar\/secundario\/wp-content\/uploads\/2025\/06\/Diseno-sin-titulo-4.jpg","datePublished":"2021-01-07T17:27:41+00:00","dateModified":"2026-04-15T19:05:42+00:00","breadcrumb":{"@id":"https:\/\/colegiotecnova.com.ar\/secundario\/comedor-escolar\/#breadcrumb"},"inLanguage":"es","potentialAction":[{"@type":"ReadAction","target":["https:\/\/colegiotecnova.com.ar\/secundario\/comedor-escolar\/"]}]},{"@type":"ImageObject","inLanguage":"es","@id":"https:\/\/colegiotecnova.com.ar\/secundario\/comedor-escolar\/#primaryimage","url":"https:\/\/colegiotecnova.com.ar\/secundario\/wp-content\/uploads\/2025\/06\/Diseno-sin-titulo-4.jpg","contentUrl":"https:\/\/colegiotecnova.com.ar\/secundario\/wp-content\/uploads\/2025\/06\/Diseno-sin-titulo-4.jpg","width":1920,"height":1080},{"@type":"BreadcrumbList","@id":"https:\/\/colegiotecnova.com.ar\/secundario\/comedor-escolar\/#breadcrumb","itemListElement":[{"@type":"ListItem","position":1,"name":"Portada","item":"https:\/\/colegiotecnova.com.ar\/secundario\/"},{"@type":"ListItem","position":2,"name":"Comedor Escolar"}]},{"@type":"WebSite","@id":"https:\/\/colegiotecnova.com.ar\/secundario\/#website","url":"https:\/\/colegiotecnova.com.ar\/secundario\/","name":"Colegio Tecnova","description":"Nivel Secundario","potentialAction":[{"@type":"SearchAction","target":{"@type":"EntryPoint","urlTemplate":"https:\/\/colegiotecnova.com.ar\/secundario\/?s={search_term_string}"},"query-input":"required name=search_term_string"}],"inLanguage":"es"}]}},"_links":{"self":[{"href":"https:\/\/colegiotecnova.com.ar\/secundario\/wp-json\/wp\/v2\/pages\/745","targetHints":{"allow":["GET"]}}],"collection":[{"href":"https:\/\/colegiotecnova.com.ar\/secundario\/wp-json\/wp\/v2\/pages"}],"about":[{"href":"https:\/\/colegiotecnova.com.ar\/secundario\/wp-json\/wp\/v2\/types\/page"}],"author":[{"embeddable":true,"href":"https:\/\/colegiotecnova.com.ar\/secundario\/wp-json\/wp\/v2\/users\/1"}],"replies":[{"embeddable":true,"href":"https:\/\/colegiotecnova.com.ar\/secundario\/wp-json\/wp\/v2\/comments?post=745"}],"version-history":[{"count":76,"href":"https:\/\/colegiotecnova.com.ar\/secundario\/wp-json\/wp\/v2\/pages\/745\/revisions"}],"predecessor-version":[{"id":1709,"href":"https:\/\/colegiotecnova.com.ar\/secundario\/wp-json\/wp\/v2\/pages\/745\/revisions\/1709"}],"wp:attachment":[{"href":"https:\/\/colegiotecnova.com.ar\/secundario\/wp-json\/wp\/v2\/media?parent=745"}],"curies":[{"name":"wp","href":"https:\/\/api.w.org\/{rel}","templated":true}]}}