{"id":26,"date":"2019-09-05T17:48:40","date_gmt":"2019-09-05T17:48:40","guid":{"rendered":"http:\/\/colegioinnova.com.ar\/?page_id=26"},"modified":"2025-10-13T12:21:52","modified_gmt":"2025-10-13T12:21:52","slug":"home","status":"publish","type":"page","link":"https:\/\/colegiotecnova.com.ar\/secundario\/","title":{"rendered":"Home"},"content":{"rendered":"\n\t<section class=\"section\" id=\"section_623050345\">\n\t\t<div class=\"bg section-bg fill bg-fill  bg-loaded\" >\n\n\t\t\t\n\t\t\t\n\t\t\t\n\n\t\t<\/div>\n\n\t\t\n\n\t\t<div class=\"section-content relative\">\n\t\t\t\n\n<div class=\"row row-collapse row-full-width\"  id=\"row-1564391911\">\n\n\n\t<div id=\"col-863965506\" class=\"col small-12 large-12\"  >\n\t\t\t\t<div class=\"col-inner\"  >\n\t\t\t\n\t\t\t\n\n\n  <div class=\"banner has-hover\" id=\"banner-1165355661\">\n          <div class=\"banner-inner fill\">\n        <div class=\"banner-bg fill\" >\n            <div class=\"bg fill bg-fill \"><\/div>\n                                    \n                    <\/div>\n\t\t\n        <div class=\"banner-layers container\">\n            <div class=\"fill banner-link\"><\/div>            \n\n   <div id=\"text-box-939609599\" class=\"text-box banner-layer box-banner-home x5 md-x5 lg-x5 y15 md-y15 lg-y15 res-text\">\n                                <div class=\"text-box-content text dark\">\n              \n              <div class=\"text-inner text-left\">\n                  \n\n<h3><span>Si los chicos son el futuro,<\/span> <br \/>el presente es Tecnova<\/h3>\n<p>Brindamos una educaci\u00f3n integral apoyados en la tecnolog\u00eda como herramienta y otras disciplinas del mundo de hoy.<\/p>\n<a href=\"\/secundario\/reunion\" target=\"_self\" class=\"button secondary lowercase apply-banner\"  >\n    <span>Reservar reuni\u00f3n<\/span>\n  <\/a>\n\n\n<a href=\"https:\/\/colegiotecnova.com.ar\/secundario\/wp-content\/uploads\/2025\/07\/Proyecto-Institucional-Colegio-Tecnova-Secundario-2025.pdf\" target=\"_self\" class=\"button secondary lowercase apply-banner\"  >\n    <span>Nuestro Proyecto<\/span>\n  <\/a>\n\n\n\n              <\/div>\n           <\/div>\n                            \n<style>\n#text-box-939609599 {\n  width: 40%;\n}\n#text-box-939609599 .text-box-content {\n  font-size: 120%;\n}\n<\/style>\n    <\/div>\n \n\n        <\/div>\n      <\/div>\n\n            \n<style>\n#banner-1165355661 {\n  padding-top: 710px;\n}\n#banner-1165355661 .bg.bg-loaded {\n  background-image: url(https:\/\/colegiotecnova.com.ar\/secundario\/wp-content\/uploads\/2025\/10\/banner-portada-nivel-secundario-scaled.jpg);\n}\n<\/style>\n  <\/div>\n\n\n\n\t\t<\/div>\n\t\t\t\t\t<\/div>\n\n\t\n\n<\/div>\n\n\t\t<\/div>\n\n\t\t\n<style>\n#section_623050345 {\n  padding-top: 0px;\n  padding-bottom: 0px;\n}\n<\/style>\n\t<\/section>\n\t\n\t<section class=\"section grid-home\" id=\"section_1142585234\">\n\t\t<div class=\"bg section-bg fill bg-fill  bg-loaded\" >\n\n\t\t\t\n\t\t\t\n\t\t\t\n\n\t\t<\/div>\n\n\t\t\n\n\t\t<div class=\"section-content relative\">\n\t\t\t\n\n\n\n<a id=\"servicios\" name=\"servicios\"><\/a>\n\n<div class=\"row\"  id=\"row-575421266\">\n\n\n\t<div id=\"col-716354879\" class=\"col medium-12 small-12 large-8\"  >\n\t\t\t\t<div class=\"col-inner\"  >\n\t\t\t\n\t\t\t\n\n<div class=\"row\"  id=\"row-191044120\">\n\n\n\t<div id=\"col-1937764040\" class=\"col servicios medium-6 small-12 large-6\"  >\n\t\t\t\t<div class=\"col-inner text-center\"  >\n\t\t\t\n\t\t\t\n\n<p><img decoding=\"async\" src=\"\/wp-content\/uploads\/2019\/09\/clock-icon.svg\" width=\"120\" \/><\/p>\n<h4><span data-text-color=\"primary\">Jornada extendida obligatoria<\/span><\/h4>\n<p>Ense\u00f1anza curricular de 7.25 a 12.45 hs <br \/>Actividades extracurriculares 13:30 a 16hs<\/p>\n<p><a class=\"boton-comedor\" href=\"https:\/\/colegiotecnova.com.ar\/secundario\/wp-content\/uploads\/2025\/10\/Video-Institucional-Secundario-2025-ok.mp4\" rel=\"noopener noreferrer\">M\u00e1s info<\/a><\/p>\n\n\t\t<\/div>\n\t\t\t\t\n<style>\n#col-1937764040 > .col-inner {\n  padding: 25px 0px 25px 0px;\n}\n<\/style>\n\t<\/div>\n\n\t\n\n\t<div id=\"col-2057985392\" class=\"col servicios comida medium-6 small-12 large-6\"  >\n\t\t\t\t<div class=\"col-inner text-center\"  >\n\t\t\t\n\t\t\t\n\n<p><img decoding=\"async\" width=\"120\" src=\"\/wp-content\/uploads\/2019\/09\/dish-icon.svg\"><\/p>\n<h3>Servicio de comedor escolar<\/h3>\n<p class=\"textoconboton\">Contamos con un men\u00fa variado y atendiendo a las necesidades nutricionales<\/p>\n<p><a class=\"boton-comedor\" href=\"\/secundario\/comedor-escolar\/\" rel=\"noopener noreferrer\"><span>M\u00e1s info<\/span><\/a><\/p>\n\n\t\t<\/div>\n\t\t\t\t\n<style>\n#col-2057985392 > .col-inner {\n  padding: 25px 0px 25px 0px;\n}\n<\/style>\n\t<\/div>\n\n\t\n\n\t<div id=\"col-1144008361\" class=\"col servicios medium-6 small-12 large-6\"  >\n\t\t\t\t<div class=\"col-inner text-center\"  >\n\t\t\t\n\t\t\t\n\n<p><img decoding=\"async\" src=\"\/wp-content\/uploads\/2019\/09\/chess-icon.svg\" width=\"120\" \/><\/p>\n<h3>Espacio de recreaci\u00f3n<\/h3>\n<p>Patio abierto y semicubierto, escenario usos m\u00faltiples, biblioteca<\/p>\n<p><a class=\"boton-comedor\" href=\"\/secundario\/espacio-de-recreacion\/\" rel=\"noopener noreferrer\">M\u00e1s info<\/a><\/p>\n\n\t\t<\/div>\n\t\t\t\t\n<style>\n#col-1144008361 > .col-inner {\n  padding: 25px 0px 25px 0px;\n}\n<\/style>\n\t<\/div>\n\n\t\n\n\t<div id=\"col-1596621977\" class=\"col servicios medium-6 small-12 large-6\"  >\n\t\t\t\t<div class=\"col-inner text-center\"  >\n\t\t\t\n\t\t\t\n\n<p><img decoding=\"async\" src=\"\/wp-content\/uploads\/2019\/09\/bus-icon.svg\" width=\"120\" \/><\/p>\n<h3>Viajes y excursiones<\/h3>\n<p>Se realizar\u00e1n campamentos, excursiones o viajes de acuerdo a las actividades programadas en cada a\u00f1o<\/p>\n<p><a class=\"boton-comedor\" href=\"\/secundario\/1202-2\/\" rel=\"noopener noreferrer\">M\u00e1s info<\/a><\/p>\n\n\t\t<\/div>\n\t\t\t\t\n<style>\n#col-1596621977 > .col-inner {\n  padding: 25px 0px 25px 0px;\n}\n<\/style>\n\t<\/div>\n\n\t\n\n<\/div>\n\n\t\t<\/div>\n\t\t\t\t\t<\/div>\n\n\t\n\n\t<div id=\"col-1576111084\" class=\"col servicios especial medium-12 small-12 large-4\"  >\n\t\t\t\t<div class=\"col-inner text-center\"  >\n\t\t\t\n\t\t\t\n\n<h3>\u00a1Comunicate con nosotros!<\/h3>\n\n<div class=\"wpcf7 no-js\" id=\"wpcf7-f47-o1\" lang=\"es-ES\" dir=\"ltr\">\n<div class=\"screen-reader-response\"><p role=\"status\" aria-live=\"polite\" aria-atomic=\"true\"><\/p> <ul><\/ul><\/div>\n<form action=\"\/secundario\/wp-json\/wp\/v2\/pages\/26#wpcf7-f47-o1\" method=\"post\" class=\"wpcf7-form init\" aria-label=\"Formulario de contacto\" novalidate=\"novalidate\" data-status=\"init\">\n<div style=\"display: none;\">\n<input type=\"hidden\" name=\"_wpcf7\" value=\"47\" \/>\n<input type=\"hidden\" name=\"_wpcf7_version\" value=\"5.9.6\" \/>\n<input type=\"hidden\" name=\"_wpcf7_locale\" value=\"es_ES\" \/>\n<input type=\"hidden\" name=\"_wpcf7_unit_tag\" value=\"wpcf7-f47-o1\" \/>\n<input type=\"hidden\" name=\"_wpcf7_container_post\" value=\"0\" \/>\n<input type=\"hidden\" name=\"_wpcf7_posted_data_hash\" value=\"\" \/>\n<\/div>\n<p><span class=\"wpcf7-form-control-wrap\" data-name=\"your-name\"><input size=\"40\" maxlength=\"80\" class=\"wpcf7-form-control wpcf7-text wpcf7-validates-as-required\" aria-required=\"true\" aria-invalid=\"false\" placeholder=\"Nombre\" value=\"\" type=\"text\" name=\"your-name\" \/><\/span><br \/>\n<span class=\"wpcf7-form-control-wrap\" data-name=\"your-email\"><input size=\"40\" maxlength=\"80\" class=\"wpcf7-form-control wpcf7-email wpcf7-validates-as-required wpcf7-text wpcf7-validates-as-email\" aria-required=\"true\" aria-invalid=\"false\" placeholder=\"Correo\" value=\"\" type=\"email\" name=\"your-email\" \/><\/span><br \/>\n<span class=\"wpcf7-form-control-wrap\" data-name=\"your-phone\"><input size=\"40\" maxlength=\"80\" class=\"wpcf7-form-control wpcf7-text\" aria-invalid=\"false\" placeholder=\"Tel\u00e9fono\" value=\"\" type=\"text\" name=\"your-phone\" \/><\/span><br \/>\n<span class=\"wpcf7-form-control-wrap\" data-name=\"your-message\"><textarea cols=\"40\" rows=\"10\" maxlength=\"400\" class=\"wpcf7-form-control wpcf7-textarea\" aria-invalid=\"false\" placeholder=\"Consulta\" name=\"your-message\"><\/textarea><\/span><br \/>\n<input class=\"wpcf7-form-control wpcf7-submit has-spinner\" type=\"submit\" value=\"Enviar\" \/>\n<\/p><div class=\"wpcf7-response-output\" aria-hidden=\"true\"><\/div>\n<\/form>\n<\/div>\n\n\n\n\t\t<\/div>\n\t\t\t\t\t<\/div>\n\n\t\n\n<\/div>\n\n\t\t<\/div>\n\n\t\t\n<style>\n#section_1142585234 {\n  padding-top: 30px;\n  padding-bottom: 30px;\n}\n<\/style>\n\t<\/section>\n\t\n\n\n<a id=\"propuesta\" name=\"propuesta\"><\/a>\n\n\t<section class=\"section accordion-home\" id=\"section_1884639204\">\n\t\t<div class=\"bg section-bg fill bg-fill  bg-loaded\" >\n\n\t\t\t\n\t\t\t\n\t\t\t\n\n\t\t<\/div>\n\n\t\t\n\n\t\t<div class=\"section-content relative\">\n\t\t\t\n\n<div class=\"row row-small\"  id=\"row-1312655998\">\n\n\n\t<div id=\"col-2083218045\" class=\"col small-12 large-12\"  >\n\t\t\t\t<div class=\"col-inner\"  >\n\t\t\t\n\t\t\t\n\n<p><strong>Nos proponemos construir una formaci\u00f3n acad\u00e9mica fuerte<\/strong><br \/><strong>y s\u00f3lida, basada en las competencias que cada estudiante desarrolla en su tarea diaria, promoviendo personas con una gran capacidad de liderazgo, mayor compromiso social y nuevas ideas frente a la coyuntura actual, siempre en contacto con la tecnolog\u00eda.\u00a0<\/strong><\/p>\n<p>Brindamos una educaci\u00f3n basada en competencias y en Proyectos, metodolog\u00eda que permita a los\/las estudiantes crear espacios de aprendizaje constante frente a diversos aspectos de la vida real.<\/p>\n<p>Nuestra\u00a0 misi\u00f3n consiste en proporcionar la formaci\u00f3n integral y de calidad de<br \/>aquellos adolescentes que transiten nuestras aulas, tomando como referencia los valores \u00e9ticos para la construcci\u00f3n de sujetos pleno de derechos y la permanente constituci\u00f3n de su subjetividad.<\/p>\n\n\t\t<\/div>\n\t\t\t\t\t<\/div>\n\n\t\n\n\t<div id=\"col-1224456760\" class=\"col medium-12 small-12 large-6\"  >\n\t\t\t\t<div class=\"col-inner text-left\"  >\n\t\t\t\n\t\t\t\n\n<div class=\"accordion\">\n\n\t<div id=\"accordion-1894741914\" class=\"accordion-item accordion-1\">\n\t\t<a id=\"accordion-1894741914-label\" class=\"accordion-title plain\" href=\"#accordion-item-pensamiento_critico\" aria-expanded=\"false\" aria-controls=\"accordion-1894741914-content\" >\n\t\t\t<button class=\"toggle\" aria-label=\"Toggle\"><i class=\"icon-angle-down\"><\/i><\/button>\n\t\t\t<span>Pensamiento Critico<\/span>\n\t\t<\/a>\n\t\t<div id=\"accordion-1894741914-content\" class=\"accordion-inner\" aria-labelledby=\"accordion-1894741914-label\" >\n\t\t\t\n\n<p>Fomentamos la creatividad e innovaci\u00f3n para la resoluci\u00f3n de situaciones problem\u00e1ticas valorando criterios de intercambio dial\u00f3gico basados en normas \u00e9ticas consensuadas por los valores democr\u00e1ticos<\/p>\n\n\t\t<\/div>\n\t<\/div>\n\t\n\t<div id=\"accordion-4262501346\" class=\"accordion-item accordion-2\">\n\t\t<a id=\"accordion-4262501346-label\" class=\"accordion-title plain\" href=\"#accordion-item-creatividad_e_innovaci\u00f3n\" aria-expanded=\"false\" aria-controls=\"accordion-4262501346-content\" >\n\t\t\t<button class=\"toggle\" aria-label=\"Toggle\"><i class=\"icon-angle-down\"><\/i><\/button>\n\t\t\t<span>Creatividad e Innovaci\u00f3n<\/span>\n\t\t<\/a>\n\t\t<div id=\"accordion-4262501346-content\" class=\"accordion-inner\" aria-labelledby=\"accordion-4262501346-label\" >\n\t\t\t\n\n<p>Competencia y capacidad para el uso de las Tics que permitan trabajar los contenidos y agilizar el proceso de aprendizaje.<\/p>\n\n\t\t<\/div>\n\t<\/div>\n\t\n\t<div id=\"accordion-630880956\" class=\"accordion-item accordion-3\">\n\t\t<a id=\"accordion-630880956-label\" class=\"accordion-title plain\" href=\"#accordion-item-emprendedor\" aria-expanded=\"false\" aria-controls=\"accordion-630880956-content\" >\n\t\t\t<button class=\"toggle\" aria-label=\"Toggle\"><i class=\"icon-angle-down\"><\/i><\/button>\n\t\t\t<span>Emprendedor<\/span>\n\t\t<\/a>\n\t\t<div id=\"accordion-630880956-content\" class=\"accordion-inner\" aria-labelledby=\"accordion-630880956-label\" >\n\t\t\t\n\n<p>Re significar las fortalezas y oportunidades de la comunidad tomando las categor\u00edas de eficiencia y tecnolog\u00eda en pos de cimentar y orientar constructivamente, aportando razones y esperanzas para la realizaci\u00f3n de las tareas y posibles soluciones que se le han de presentar cada d\u00eda, acompa\u00f1\u00e1ndo con responsabilidad y afectividad, superando obst\u00e1culos y trabajando colaborativamente con el otro.<\/p>\n\n\t\t<\/div>\n\t<\/div>\n\t\n\t<div id=\"accordion-3174755081\" class=\"accordion-item accordion-4\">\n\t\t<a id=\"accordion-3174755081-label\" class=\"accordion-title plain\" href=\"#accordion-item-desarrollo_integral\" aria-expanded=\"false\" aria-controls=\"accordion-3174755081-content\" >\n\t\t\t<button class=\"toggle\" aria-label=\"Toggle\"><i class=\"icon-angle-down\"><\/i><\/button>\n\t\t\t<span>Desarrollo Integral<\/span>\n\t\t<\/a>\n\t\t<div id=\"accordion-3174755081-content\" class=\"accordion-inner\" aria-labelledby=\"accordion-3174755081-label\" >\n\t\t\t\n\n<p>Estudiantes conocedores de sus propias capacidades para realizarse, ser protagonistas del aprendizaje de manera activa y que logren contribuir en su pleno desarrollo.<\/p>\n\n\t\t<\/div>\n\t<\/div>\n\t\n\t<div id=\"accordion-3129652591\" class=\"accordion-item accordion-5\">\n\t\t<a id=\"accordion-3129652591-label\" class=\"accordion-title plain\" href=\"#accordion-item-perfil_de_egresado\" aria-expanded=\"false\" aria-controls=\"accordion-3129652591-content\" >\n\t\t\t<button class=\"toggle\" aria-label=\"Toggle\"><i class=\"icon-angle-down\"><\/i><\/button>\n\t\t\t<span>Perfil de egresado<\/span>\n\t\t<\/a>\n\t\t<div id=\"accordion-3129652591-content\" class=\"accordion-inner\" aria-labelledby=\"accordion-3129652591-label\" >\n\t\t\t\n\n<ul>\n<li>Tecnol\u00f3gicamente actualizado.<\/li>\n<li>H\u00e1bil en el manejos de idiomas.<\/li>\n<li>Emprendedor<\/li>\n<li>Resolutivo y decidido.<\/li>\n<li>Creativo, innovador y conocedor de diversas artes.<\/li>\n<li>Comprometido con el medio ambiente.<\/li>\n<li>Con habilidades deportivas y cuidadoso de su cuerpo.<\/li>\n<li>Socialmente empatico, solidario, cooperativo y respetuoso de la diversidad.<\/li>\n<li>Conocedor de sus propias capacidades para realizarse y ser feliz.<\/li>\n<\/ul>\n\n\t\t<\/div>\n\t<\/div>\n\t\n\n<\/div>\n<a href=\"https:\/\/colegiotecnova.com.ar\/secundario\/wp-content\/uploads\/2025\/10\/Presentacion-Colegio-Secundario-Tecnova-2025.pdf\" target=\"_self\" class=\"button secondary lowercase apply-banner\"  >\n    <span>Mas sobre Nosotros<\/span>\n  <\/a>\n\n\n\n\t\t<\/div>\n\t\t\t\t\t<\/div>\n\n\t\n\n\t<div id=\"col-687724125\" class=\"col hide-for-medium medium-12 small-12 large-6\"  >\n\t\t\t\t<div class=\"col-inner\"  >\n\t\t\t\n\t\t\t\n\n<p class=\"pNone\"><img loading=\"lazy\" decoding=\"async\" class=\"alignnone size-full wp-image-1624\" src=\"https:\/\/colegiotecnova.com.ar\/secundario\/wp-content\/uploads\/2025\/10\/foto-1-secu.jpg\" alt=\"\" width=\"1663\" height=\"1117\" srcset=\"https:\/\/colegiotecnova.com.ar\/secundario\/wp-content\/uploads\/2025\/10\/foto-1-secu.jpg 1663w, https:\/\/colegiotecnova.com.ar\/secundario\/wp-content\/uploads\/2025\/10\/foto-1-secu-768x516.jpg 768w, https:\/\/colegiotecnova.com.ar\/secundario\/wp-content\/uploads\/2025\/10\/foto-1-secu-1536x1032.jpg 1536w\" sizes=\"auto, (max-width: 1663px) 100vw, 1663px\" \/><\/p>\n\n\t\t<\/div>\n\t\t\t\t\t<\/div>\n\n\t\n\n<\/div>\n\n\t\t<\/div>\n\n\t\t\n<style>\n#section_1884639204 {\n  padding-top: 30px;\n  padding-bottom: 30px;\n}\n<\/style>\n\t<\/section>\n\t\n\n\n<a id=\"actividades\" name=\"actividades\"><\/a>\n\n\t<section class=\"section talleres-home\" id=\"section_1769642952\">\n\t\t<div class=\"bg section-bg fill bg-fill  bg-loaded\" >\n\n\t\t\t\n\t\t\t\n\t\t\t\n\n\t\t<\/div>\n\n\t\t\n\n\t\t<div class=\"section-content relative\">\n\t\t\t\n\n<div class=\"row row-small\"  id=\"row-498245330\">\n\n\n\t<div id=\"col-916424082\" class=\"col small-12 large-12\"  >\n\t\t\t\t<div class=\"col-inner\"  >\n\t\t\t\n\t\t\t\n\n<h4>Actividades Extracurriculares<\/h4>\n<p>Proponemos espacios de interacci\u00f3n, diversi\u00f3n y aprendizaje para que los alumnos desarrollen sus capacidades f\u00edsicas, emocionales y mentales prepar\u00e1ndolos para desaf\u00edos de la sociedad actual; tanto en t\u00e9rminos de inserci\u00f3n laboral, como tambi\u00e9n, de educaci\u00f3n para el desempe\u00f1o en la vida en sociedad (ciudadanos). Procurando a su vez atender la diversidad de intereses y motivaciones que poseen.<\/p>\n\t<div id=\"gap-1659529805\" class=\"gap-element clearfix\" style=\"display:block; height:auto;\">\n\t\t\n<style>\n#gap-1659529805 {\n  padding-top: 35px;\n}\n<\/style>\n\t<\/div>\n\t\n\n\n\t\t<\/div>\n\t\t\t\t\t<\/div>\n\n\t\n\n<\/div>\n\n\t\t<\/div>\n\n\t\t\n<style>\n#section_1769642952 {\n  padding-top: 50px;\n  padding-bottom: 50px;\n}\n<\/style>\n\t<\/section>\n\t\n\t<section class=\"section actytal\" id=\"section_1913021183\">\n\t\t<div class=\"bg section-bg fill bg-fill  bg-loaded\" >\n\n\t\t\t\n\t\t\t\n\t\t\t\n\n\t\t<\/div>\n\n\t\t\n\n\t\t<div class=\"section-content relative\">\n\t\t\t\n\n<div class=\"row row-small\"  id=\"row-1028643525\">\n\n\n\t<div id=\"col-1582637589\" class=\"col small-12 large-12\"  >\n\t\t\t\t<div class=\"col-inner\"  >\n\t\t\t\n\t\t\t\n\n<div class=\"row talleres\"  id=\"row-1841773008\">\n\n\n\t<div id=\"col-1693277932\" class=\"col modulos-home medium-6 small-12 large-4\"  >\n\t\t\t\t<div class=\"col-inner\"  >\n\t\t\t\n\t\t\t\n\n<p>\u00a0<\/p>\n<p class=\"pNone\"><img loading=\"lazy\" decoding=\"async\" class=\"alignnone size-full wp-image-1626\" src=\"https:\/\/colegiotecnova.com.ar\/secundario\/wp-content\/uploads\/2025\/10\/ingles-secu.jpg\" alt=\"\" width=\"1206\" height=\"643\" srcset=\"https:\/\/colegiotecnova.com.ar\/secundario\/wp-content\/uploads\/2025\/10\/ingles-secu.jpg 1206w, https:\/\/colegiotecnova.com.ar\/secundario\/wp-content\/uploads\/2025\/10\/ingles-secu-768x409.jpg 768w\" sizes=\"auto, (max-width: 1206px) 100vw, 1206px\" \/><\/p>\n<h5>Ingl\u00e9s<\/h5>\n<h6><span data-text-color=\"secondary\">Ciclo B\u00e1sico<\/span> <span data-text-bg=\"primary\">4 m\u00f3dulos semanales<\/span><\/h6>\n<h6><span data-text-color=\"secondary\">Ciclo Superior<\/span>\u00a0 <span data-text-bg=\"primary\">4 m\u00f3dulos semanales<\/span><\/h6>\n<p>Preparamos a los alumnos para tener las competencias necesarias en el idioma Ingl\u00e9s, favoreciendo un desarrollo comunicativo que podr\u00e1n aplicar en cualquier \u00e1mbito.<\/p>\n<p>\u00a0<\/p>\n\n\t\t<\/div>\n\t\t\t\t\t<\/div>\n\n\t\n\n\t<div id=\"col-204593694\" class=\"col modulos-home medium-6 small-12 large-4\"  >\n\t\t\t\t<div class=\"col-inner\"  >\n\t\t\t\n\t\t\t\n\n<p>\u00a0<\/p>\n<p class=\"pNone\"><img loading=\"lazy\" decoding=\"async\" class=\"alignnone size-full wp-image-1627\" src=\"https:\/\/colegiotecnova.com.ar\/secundario\/wp-content\/uploads\/2025\/10\/medios-audiovisuales-secu.jpg\" alt=\"\" width=\"1207\" height=\"642\" srcset=\"https:\/\/colegiotecnova.com.ar\/secundario\/wp-content\/uploads\/2025\/10\/medios-audiovisuales-secu.jpg 1207w, https:\/\/colegiotecnova.com.ar\/secundario\/wp-content\/uploads\/2025\/10\/medios-audiovisuales-secu-768x408.jpg 768w\" sizes=\"auto, (max-width: 1207px) 100vw, 1207px\" \/><\/p>\n<h5>Medios Audiovisuales<\/h5>\n<h6><span data-text-color=\"primary\"><span data-text-color=\"secondary\">Ciclo B\u00e1sico<\/span>\u00a0 <\/span><span data-text-bg=\"primary\">2 m\u00f3dulos semanales<\/span><\/h6>\n<h6><span data-text-color=\"primary\"><span data-text-color=\"secondary\">Ciclo Superior<\/span>\u00a0 <\/span><span data-text-bg=\"primary\">2 m\u00f3dulos semanales<\/span><\/h6>\n<p>Mediante esta actividad favoreceremos el modo de aprender ya que los medios audiovisuales aportan una manera diferente de incorporar conocimientos m\u00e1s creativa , participativa y motivadora fundamental para el alumno\/a de hoy .<\/p>\n<p>Abordaremos los nuevos formatos en los que se desarrollan los medios audiovisuales, podcast, streaming, redes sociales, entre otros.<\/p>\n\n\t\t<\/div>\n\t\t\t\t\t<\/div>\n\n\t\n\n\t<div id=\"col-695540530\" class=\"col modulos-home medium-6 small-12 large-4\"  >\n\t\t\t\t<div class=\"col-inner\"  >\n\t\t\t\n\t\t\t\n\n<p>\u00a0<\/p>\n<p class=\"pNone\"><img loading=\"lazy\" decoding=\"async\" class=\"alignnone size-full wp-image-1628\" src=\"https:\/\/colegiotecnova.com.ar\/secundario\/wp-content\/uploads\/2025\/10\/musica.jpg\" alt=\"\" width=\"1204\" height=\"642\" srcset=\"https:\/\/colegiotecnova.com.ar\/secundario\/wp-content\/uploads\/2025\/10\/musica.jpg 1204w, https:\/\/colegiotecnova.com.ar\/secundario\/wp-content\/uploads\/2025\/10\/musica-768x410.jpg 768w\" sizes=\"auto, (max-width: 1204px) 100vw, 1204px\" \/><\/p>\n<h5>Educaci\u00f3n Musical<\/h5>\n<h6><span data-text-color=\"primary\"><span data-text-color=\"secondary\">Ciclo B\u00e1sico<\/span>\u00a0 \u00a0<\/span><span data-text-bg=\"primary\">1 modulo semanal<\/span><\/h6>\n<h6><span data-text-color=\"primary\"><span data-text-color=\"secondary\">Ciclo Superior<\/span>\u00a0 \u00a0<\/span><span data-text-bg=\"primary\">1 modulo semanal<\/span><\/h6>\n<p>Las actividades musicales son esenciales para el desarrollo cognitivo, creativo e intelectual de cada alumno. El objetivo es profundizar el desarrollo r\u00edtmico, auditivo, vocal e instrumental a trav\u00e9s de diferentes interpretaciones, haciendo hincapi\u00e9 en el estudio de diversos instrumentos.<\/p>\n<p>\u00a0<\/p>\n\n\t\t<\/div>\n\t\t\t\t\t<\/div>\n\n\t\n\n\t<div id=\"col-1488211538\" class=\"col modulos-home medium-6 small-12 large-4\"  >\n\t\t\t\t<div class=\"col-inner\"  >\n\t\t\t\n\t\t\t\n\n<p class=\"pNone\"><img loading=\"lazy\" decoding=\"async\" class=\"alignnone size-full wp-image-1629\" src=\"https:\/\/colegiotecnova.com.ar\/secundario\/wp-content\/uploads\/2025\/10\/robotica-sec.jpg\" alt=\"\" width=\"1205\" height=\"641\" srcset=\"https:\/\/colegiotecnova.com.ar\/secundario\/wp-content\/uploads\/2025\/10\/robotica-sec.jpg 1205w, https:\/\/colegiotecnova.com.ar\/secundario\/wp-content\/uploads\/2025\/10\/robotica-sec-768x409.jpg 768w\" sizes=\"auto, (max-width: 1205px) 100vw, 1205px\" \/><\/p>\n<h5>Rob\u00f3tica<\/h5>\n<h6><span data-text-color=\"primary\"><span data-text-color=\"secondary\">Ciclo B\u00e1sico<\/span>\u00a0 \u00a0<\/span><span data-text-bg=\"primary\">2 m\u00f3dulos semanales<\/span><\/h6>\n<h6><span data-text-color=\"primary\"><span data-text-color=\"secondary\">Ciclo Superior<\/span>\u00a0 <\/span><span data-text-bg=\"primary\">2 m\u00f3dulos semanales<\/span><\/h6>\n<p>La rob\u00f3tica como la programaci\u00f3n favorecen el trabajo en equipo y la colaboraci\u00f3n. Resultan esenciales para promover el aprendizaje entre pares y forman parte de los modos de construcci\u00f3n de conocimiento y de las culturas del mundo del trabajo de la sociedad digital. En estos campos del conocimiento, confluyen tanto la l\u00f3gica y la abstracci\u00f3n ,como la imaginaci\u00f3n, la expresi\u00f3n y la capacidad de idear y de construir en forma individual o con otros.<\/p>\n\n\t\t<\/div>\n\t\t\t\t\t<\/div>\n\n\t\n\n\t<div id=\"col-2034326361\" class=\"col modulos-home medium-6 small-12 large-4\"  >\n\t\t\t\t<div class=\"col-inner\"  >\n\t\t\t\n\t\t\t\n\n<h5><img loading=\"lazy\" decoding=\"async\" class=\"alignnone size-full wp-image-1630\" src=\"https:\/\/colegiotecnova.com.ar\/secundario\/wp-content\/uploads\/2025\/10\/deportes-secu.jpg\" alt=\"\" width=\"1205\" height=\"642\" srcset=\"https:\/\/colegiotecnova.com.ar\/secundario\/wp-content\/uploads\/2025\/10\/deportes-secu.jpg 1205w, https:\/\/colegiotecnova.com.ar\/secundario\/wp-content\/uploads\/2025\/10\/deportes-secu-768x409.jpg 768w\" sizes=\"auto, (max-width: 1205px) 100vw, 1205px\" \/><\/h5>\n<h5>Deportes<\/h5>\n<h6><span data-text-color=\"primary\"><span data-text-color=\"secondary\">Ciclo B\u00e1sico<\/span>\u00a0 \u00a0<\/span><span data-text-bg=\"primary\">2 m\u00f3dulos semanales<\/span><\/h6>\n<h6><span data-text-color=\"primary\"><span data-text-color=\"secondary\">Ciclo Superior<\/span>\u00a0 <\/span><span data-text-bg=\"primary\">2 m\u00f3dulos semanales<\/span><\/h6>\n<p>Est\u00e1 actividad brindar\u00e1 un espacio para desarrollar diversos deportes como lo son el handball, el f\u00fatbol, el basquet, su reglamento, entrenamiento y competencia para que los alumnos\/as puedan beneficiarse con su pr\u00e1ctica .<\/p>\n\n\t\t<\/div>\n\t\t\t\t\t<\/div>\n\n\t\n\n\t<div id=\"col-1211897058\" class=\"col modulos-home medium-6 small-12 large-4\"  >\n\t\t\t\t<div class=\"col-inner\"  >\n\t\t\t\n\t\t\t\n\n<h5><img loading=\"lazy\" decoding=\"async\" class=\"alignnone size-full wp-image-1631\" src=\"https:\/\/colegiotecnova.com.ar\/secundario\/wp-content\/uploads\/2025\/10\/emprendedurismo.jpg\" alt=\"\" width=\"1205\" height=\"643\" srcset=\"https:\/\/colegiotecnova.com.ar\/secundario\/wp-content\/uploads\/2025\/10\/emprendedurismo.jpg 1205w, https:\/\/colegiotecnova.com.ar\/secundario\/wp-content\/uploads\/2025\/10\/emprendedurismo-768x410.jpg 768w\" sizes=\"auto, (max-width: 1205px) 100vw, 1205px\" \/><\/h5>\n<h5>Emprendedurismo<\/h5>\n<h6><span data-text-color=\"secondary\">Ciclo B\u00e1sico\u00a0 \u00a0<\/span><span data-text-bg=\"primary\">\u00a0 2 m\u00f3dulos semanales<\/span><\/h6>\n<h6><span data-text-color=\"secondary\">Ciclo Superior\u00a0 <\/span><span data-text-bg=\"primary\">\u00a04 m\u00f3dulos semanales<\/span><\/h6>\n<p>Brindamos un espacio donde los alumnos\/as puedan desarrollar ideas innovadores y aprender a llevarlas a cabo como negocios rentables, aportando a su vez conocimiento y valor a la comunidad.<\/p>\n\n\t\t<\/div>\n\t\t\t\t\t<\/div>\n\n\t\n\n\t<div id=\"col-1016080008\" class=\"col modulos-home medium-6 small-12 large-4\"  >\n\t\t\t\t<div class=\"col-inner\"  >\n\t\t\t\n\t\t\t\n\n<h5><img loading=\"lazy\" decoding=\"async\" class=\"alignnone size-full wp-image-1632\" src=\"https:\/\/colegiotecnova.com.ar\/secundario\/wp-content\/uploads\/2025\/10\/informatica-secu.jpg\" alt=\"\" width=\"1204\" height=\"641\" srcset=\"https:\/\/colegiotecnova.com.ar\/secundario\/wp-content\/uploads\/2025\/10\/informatica-secu.jpg 1204w, https:\/\/colegiotecnova.com.ar\/secundario\/wp-content\/uploads\/2025\/10\/informatica-secu-768x409.jpg 768w\" sizes=\"auto, (max-width: 1204px) 100vw, 1204px\" \/><\/h5>\n<h5>Inform\u00e1tica<\/h5>\n<h6><span data-text-color=\"secondary\">Ciclo B\u00e1sico\u00a0 \u00a0<\/span><span data-text-bg=\"primary\">2 m\u00f3dulos semanales<\/span><\/h6>\n<p>Familiarizar a los alumnos \/as con la tecnolog\u00eda, dinamiza e innova el proceso de ense\u00f1anza aprendizaje por medio de clases interactivas , agradables que contribuir\u00e1n a su desarrollo integral .<\/p>\n\n\t\t<\/div>\n\t\t\t\t\t<\/div>\n\n\t\n\n<\/div>\n\n\t\t<\/div>\n\t\t\t\t\t<\/div>\n\n\t\n\n<\/div>\n\n\t\t<\/div>\n\n\t\t\n<style>\n#section_1913021183 {\n  padding-top: 0px;\n  padding-bottom: 0px;\n}\n<\/style>\n\t<\/section>\n\t\n\t<section class=\"section home-nosotros\" id=\"section_452410689\">\n\t\t<div class=\"bg section-bg fill bg-fill  bg-loaded\" >\n\n\t\t\t\n\t\t\t\n\t\t\t\n\n\t\t<\/div>\n\n\t\t\n\n\t\t<div class=\"section-content relative\">\n\t\t\t\n\n<div class=\"row row-collapse\"  id=\"row-492753283\">\n\n\n\t<div id=\"col-1310814562\" class=\"col hide-for-small medium-2 small-12 large-3\"  >\n\t\t\t\t<div class=\"col-inner\"  >\n\t\t\t\n\t\t\t\n\n\n\t\t<\/div>\n\t\t\t\t\t<\/div>\n\n\t\n\n\t<div id=\"col-1664947267\" class=\"col sobre-nosotros medium-8 small-12 large-6\"  >\n\t\t\t\t<div class=\"col-inner text-left\"  >\n\t\t\t\n\t\t\t\n\n<h2>Sobre nosotros<\/h2>\n<p>Tecnova nace como un colegio que presta atenci\u00f3n a los cambios del mundo de hoy para incorporarlos en su metodolog\u00eda de trabajo y formar a las personas del ma\u00f1ana.<\/p>\n<p>Creemos que cada alumno aporta algo, al ser \u00fanicos e irrepetibles. Por eso, combinamos diversas disciplinas que nos sirven como herramientas para la formaci\u00f3n de personas en todos sus \u00e1mbitos de vida.<\/p>\n\n\t\t<\/div>\n\t\t\t\t\t<\/div>\n\n\t\n\n\t<div id=\"col-1059245800\" class=\"col hide-for-small medium-2 small-12 large-3\"  >\n\t\t\t\t<div class=\"col-inner\"  >\n\t\t\t\n\t\t\t\n\n\n\t\t<\/div>\n\t\t\t\t\t<\/div>\n\n\t\n\n<\/div>\n\n\t\t<\/div>\n\n\t\t\n<style>\n#section_452410689 {\n  padding-top: 30px;\n  padding-bottom: 30px;\n  background-color: rgb(143, 10, 76);\n}\n<\/style>\n\t<\/section>\n\t\n\t<section class=\"section home-mision\" id=\"section_1519157670\">\n\t\t<div class=\"bg section-bg fill bg-fill  bg-loaded\" >\n\n\t\t\t\n\t\t\t<div class=\"section-bg-overlay absolute fill\"><\/div>\n\t\t\t\n\n\t\t<\/div>\n\n\t\t\n\n\t\t<div class=\"section-content relative\">\n\t\t\t\n\n<div class=\"row row-small\"  id=\"row-1902537348\">\n\n\n\t<div id=\"col-1122216499\" class=\"col nuestra-mision small-12 large-12\"  >\n\t\t\t\t<div class=\"col-inner text-center\"  >\n\t\t\t\n\t\t\t\n\n<h2>Nuestra misi\u00f3n<\/h2>\n\n\t\t<\/div>\n\t\t\t\t\t<\/div>\n\n\t\n\n\t<div id=\"col-340579358\" class=\"col col-mision mision-1 medium-4 small-12 large-4\"  >\n\t\t\t\t<div class=\"col-inner\"  >\n\t\t\t\n\t\t\t\n\n<p>Brindar a la comunidad un espacio educativo para el conocimiento y la formaci\u00f3n.<\/p>\n\n\t\t<\/div>\n\t\t\t\t\t<\/div>\n\n\t\n\n\t<div id=\"col-1260735264\" class=\"col col-mision mision-2 medium-4 small-12 large-4\"  >\n\t\t\t\t<div class=\"col-inner\"  >\n\t\t\t\n\t\t\t\n\n<p>Ofrecer herramientas tecnol\u00f3gicas y diversas disciplinas.<\/p>\n\n\t\t<\/div>\n\t\t\t\t\t<\/div>\n\n\t\n\n\t<div id=\"col-586107883\" class=\"col col-mision mision-3 medium-4 small-12 large-4\"  >\n\t\t\t\t<div class=\"col-inner\"  >\n\t\t\t\n\t\t\t\n\n<p>Comprometernos con los tiempos de aprendizaje de cada alumno.<\/p>\n\n\t\t<\/div>\n\t\t\t\t\t<\/div>\n\n\t\n\n\t<div id=\"col-1612101019\" class=\"col col-mision mision-4 medium-8 small-12 large-8\"  >\n\t\t\t\t<div class=\"col-inner\"  >\n\t\t\t\n\t\t\t\n\n<p>Promover la formaci\u00f3n de personas libres, respetuosas, solidarias, creativas, en comuni\u00f3n con su ambiente social y natural, y con deseos de superaci\u00f3n.<\/p>\n\n\t\t<\/div>\n\t\t\t\t\t<\/div>\n\n\t\n\n\t<div id=\"col-431037903\" class=\"col col-mision mision-5 medium-4 small-12 large-4\"  >\n\t\t\t\t<div class=\"col-inner\"  >\n\t\t\t\n\t\t\t\n\n<p>\u00abLa educaci\u00f3n no cambia al mundo, cambia a las personas que van a cambiar al mundo.\u00bb<\/p>\n<h5>Paulo Freire<\/h5>\n\n\t\t<\/div>\n\t\t\t\t\t<\/div>\n\n\t\n\n<\/div>\n\n\t\t<\/div>\n\n\t\t\n<style>\n#section_1519157670 {\n  padding-top: 30px;\n  padding-bottom: 30px;\n}\n#section_1519157670 .section-bg-overlay {\n  background-color: rgb(245, 245, 245);\n}\n<\/style>\n\t<\/section>\n\t\n\n\n<a id=\"ubicacion\" name=\"ubicacion\"><\/a>\n\n\t<section class=\"section map-section\" id=\"section_1449776322\">\n\t\t<div class=\"bg section-bg fill bg-fill  bg-loaded\" >\n\n\t\t\t\n\t\t\t<div class=\"section-bg-overlay absolute fill\"><\/div>\n\t\t\t\n\n\t\t<\/div>\n\n\t\t\n\n\t\t<div class=\"section-content relative\">\n\t\t\t\n\n<div class=\"row row-collapse\"  id=\"row-479122847\">\n\n\n\t<div id=\"col-416481882\" class=\"col col-nomapa medium-6 large-6\"  >\n\t\t\t\t<div class=\"col-inner\"  >\n\t\t\t\n\t\t\t\n\n<h4>Info de Contacto<\/h4>\n<ul>\n<li>Telefono: <a href=\"tel:01132531313\">011 3253-1313<\/a><\/li>\n<li>Correo: <a href=\"mailto:info@colegiotecnova.com.ar\">secundario@colegiotecnova.com.ar<\/a><\/li>\n<li>Ubicaci\u00f3n: <a href=\"https:\/\/www.google.com\/maps\/place\/Remedios+de+Escalada+de+San+Mart%C3%ADn+701,+B1823+Lan%C3%BAs+Oeste,+Buenos+Aires\/@-34.6901284,-58.394606,17z\/data=!3m1!4b1!4m5!3m4!1s0x95bcccc2cbe25ee5:0xd8cba40e26e5fc7f!8m2!3d-34.6901284!4d-58.3924173\" target=\"_blank\" rel=\"noopener noreferrer\">Av. Remedios de Escalada 715, Lanus<\/a><\/li>\n<\/ul>\n\n\t\t<\/div>\n\t\t\t\t\t<\/div>\n\n\t\n\n\t<div id=\"col-1880275008\" class=\"col medium-6 large-6\"  >\n\t\t\t\t<div class=\"col-inner\"  >\n\t\t\t\n\t\t\t\n\n\n\t<script type=\"text\/javascript\">\n  jQuery( document ).ready(function() {\n    function initialize() {\n        var styles = {\n            'flatsome':  [{\n            \"featureType\": \"administrative\",\n            \"stylers\": [\n              { \"visibility\": \"on\" }\n            ]\n          },\n          {\n            \"featureType\": \"road\",\n            \"stylers\": [\n              { \"visibility\": \"on\" },\n              { \"hue\": \"\" }\n            ]\n          },\n          {\n            \"stylers\": [\n\t\t\t  { \"visibility\": \"on\" },\n\t\t\t  { \"hue\": \"\" },\n\t\t\t  { \"saturation\": -30 }\n            ]\n          }\n        ]};\n\n        var myLatlng = new google.maps.LatLng(-34.689952, -58.3919276);\n        var myOptions = {\n            zoom: 16,\n            center: myLatlng,\n            mapTypeId: google.maps.MapTypeId.ROADMAP,\n            disableDefaultUI: true,\n            mapTypeId: 'flatsome',\n            draggable: true,\n            zoomControl: true,\n            zoomControlOptions: {\n              position: google.maps.ControlPosition.TOP_LEFT\n            },\n      \t\t\t\/\/ panControl: true,\n            \/\/ panControlOptions: {\n            \/\/   position: google.maps.ControlPosition.TOP_LEFT\n            \/\/ },\n      \t\t\tmapTypeControl: true,\n            mapTypeControlOptions: {\n              position: google.maps.ControlPosition.TOP_LEFT\n            },\n      \t\t\t\/\/ scaleControl: true,\n            \/\/ scaleControlOptions: {\n            \/\/   position: google.maps.ControlPosition.TOP_LEFT\n            \/\/ },\n      \t\t\tstreetViewControl: true,\n            streetViewControlOptions: {\n              position: google.maps.ControlPosition.TOP_LEFT\n            },\n      \t\t\t\/\/ overviewMapControl: true,\n            \/\/ overviewMapControlOptions: {\n            \/\/   position: google.maps.ControlPosition.TOP_LEFT\n            \/\/ },\n            scrollwheel: false,\n            disableDoubleClickZoom: true\n        }\n        var map = new google.maps.Map(document.getElementById(\"map-341229727-inner\"), myOptions);\n        var styledMapType = new google.maps.StyledMapType(styles['flatsome'], {name: 'flatsome'});\n        map.mapTypes.set('flatsome', styledMapType);\n\n        var marker = new google.maps.Marker({\n            position: myLatlng,\n            map: map,\n            title:\"\"\n        });\n    }\n\n    \/\/ Required to proceed\n    if (!(typeof google === 'object' && typeof google.maps === 'object')) {\n      return\n    }\n\n    initialize()\n    google.maps.event.addDomListener(window, 'resize', initialize);\n    });\n    <\/script>\n\n    <div class=\"google-map relative mb mapa-tecnova\" id=\"map-341229727\">\n        <div class=\"map-height\" id=\"map-341229727-inner\"><\/div>\n        <div id=\"map_overlay_top\"><\/div>\n        <div id=\"map_overlay_bottom\"><\/div>\n         \n       \n<style>\n#map-341229727 .map-inner {\n  background-color: #fff;\n  max-width: 100%;\n}\n#map-341229727 .map-height {\n  height: 360px;\n}\n@media (min-width:550px) {\n  #map-341229727 .map-inner {\n    max-width: 40%;\n  }\n}\n@media (min-width:850px) {\n  #map-341229727 .map-inner {\n    max-width: 30%;\n  }\n}\n<\/style>\n    <\/div>\n\n\t\n\n\t\t<\/div>\n\t\t\t\t\t<\/div>\n\n\t\n\n<\/div>\n\n\t\t<\/div>\n\n\t\t\n<style>\n#section_1449776322 {\n  padding-top: 0px;\n  padding-bottom: 0px;\n}\n#section_1449776322 .section-bg-overlay {\n  background-color: rgb(167, 45, 105);\n}\n<\/style>\n\t<\/section>\n\t\n\n","protected":false},"excerpt":{"rendered":"","protected":false},"author":1,"featured_media":0,"parent":0,"menu_order":0,"comment_status":"closed","ping_status":"closed","template":"page-blank.php","meta":{"_joinchat":[],"footnotes":""},"class_list":["post-26","page","type-page","status-publish","hentry"],"yoast_head":"<!-- This site is optimized with the Yoast SEO plugin v23.0 - https:\/\/yoast.com\/wordpress\/plugins\/seo\/ -->\n<title>Home - Colegio Tecnova<\/title>\n<meta name=\"robots\" content=\"index, follow, max-snippet:-1, max-image-preview:large, max-video-preview:-1\" \/>\n<link rel=\"canonical\" href=\"https:\/\/colegiotecnova.com.ar\/secundario\/\" \/>\n<meta property=\"og:locale\" content=\"es_ES\" \/>\n<meta property=\"og:type\" content=\"article\" \/>\n<meta property=\"og:title\" content=\"Home - Colegio Tecnova\" \/>\n<meta property=\"og:url\" content=\"https:\/\/colegiotecnova.com.ar\/secundario\/\" \/>\n<meta property=\"og:site_name\" content=\"Colegio Tecnova\" \/>\n<meta property=\"article:modified_time\" content=\"2025-10-13T12:21:52+00:00\" \/>\n<meta property=\"og:image\" content=\"https:\/\/colegiotecnova.com.ar\/secundario\/wp-content\/uploads\/2025\/10\/foto-1-secu.jpg\" \/>\n<meta name=\"twitter:card\" content=\"summary_large_image\" \/>\n<meta name=\"twitter:label1\" content=\"Tiempo de lectura\" \/>\n\t<meta name=\"twitter:data1\" content=\"8 minutos\" \/>\n<script type=\"application\/ld+json\" class=\"yoast-schema-graph\">{\"@context\":\"https:\/\/schema.org\",\"@graph\":[{\"@type\":\"WebPage\",\"@id\":\"https:\/\/colegiotecnova.com.ar\/secundario\/\",\"url\":\"https:\/\/colegiotecnova.com.ar\/secundario\/\",\"name\":\"Home - Colegio Tecnova\",\"isPartOf\":{\"@id\":\"https:\/\/colegiotecnova.com.ar\/secundario\/#website\"},\"primaryImageOfPage\":{\"@id\":\"https:\/\/colegiotecnova.com.ar\/secundario\/#primaryimage\"},\"image\":{\"@id\":\"https:\/\/colegiotecnova.com.ar\/secundario\/#primaryimage\"},\"thumbnailUrl\":\"https:\/\/colegiotecnova.com.ar\/secundario\/wp-content\/uploads\/2025\/10\/foto-1-secu.jpg\",\"datePublished\":\"2019-09-05T17:48:40+00:00\",\"dateModified\":\"2025-10-13T12:21:52+00:00\",\"breadcrumb\":{\"@id\":\"https:\/\/colegiotecnova.com.ar\/secundario\/#breadcrumb\"},\"inLanguage\":\"es\",\"potentialAction\":[{\"@type\":\"ReadAction\",\"target\":[\"https:\/\/colegiotecnova.com.ar\/secundario\/\"]}]},{\"@type\":\"ImageObject\",\"inLanguage\":\"es\",\"@id\":\"https:\/\/colegiotecnova.com.ar\/secundario\/#primaryimage\",\"url\":\"https:\/\/colegiotecnova.com.ar\/secundario\/wp-content\/uploads\/2025\/10\/foto-1-secu.jpg\",\"contentUrl\":\"https:\/\/colegiotecnova.com.ar\/secundario\/wp-content\/uploads\/2025\/10\/foto-1-secu.jpg\",\"width\":1663,\"height\":1117},{\"@type\":\"BreadcrumbList\",\"@id\":\"https:\/\/colegiotecnova.com.ar\/secundario\/#breadcrumb\",\"itemListElement\":[{\"@type\":\"ListItem\",\"position\":1,\"name\":\"Portada\",\"item\":\"https:\/\/colegiotecnova.com.ar\/secundario\/\"},{\"@type\":\"ListItem\",\"position\":2,\"name\":\"Home\"}]},{\"@type\":\"WebSite\",\"@id\":\"https:\/\/colegiotecnova.com.ar\/secundario\/#website\",\"url\":\"https:\/\/colegiotecnova.com.ar\/secundario\/\",\"name\":\"Colegio Tecnova\",\"description\":\"Nivel Secundario\",\"potentialAction\":[{\"@type\":\"SearchAction\",\"target\":{\"@type\":\"EntryPoint\",\"urlTemplate\":\"https:\/\/colegiotecnova.com.ar\/secundario\/?s={search_term_string}\"},\"query-input\":\"required name=search_term_string\"}],\"inLanguage\":\"es\"}]}<\/script>\n<!-- \/ Yoast SEO plugin. -->","yoast_head_json":{"title":"Home - Colegio Tecnova","robots":{"index":"index","follow":"follow","max-snippet":"max-snippet:-1","max-image-preview":"max-image-preview:large","max-video-preview":"max-video-preview:-1"},"canonical":"https:\/\/colegiotecnova.com.ar\/secundario\/","og_locale":"es_ES","og_type":"article","og_title":"Home - Colegio Tecnova","og_url":"https:\/\/colegiotecnova.com.ar\/secundario\/","og_site_name":"Colegio Tecnova","article_modified_time":"2025-10-13T12:21:52+00:00","og_image":[{"url":"https:\/\/colegiotecnova.com.ar\/secundario\/wp-content\/uploads\/2025\/10\/foto-1-secu.jpg"}],"twitter_card":"summary_large_image","twitter_misc":{"Tiempo de lectura":"8 minutos"},"schema":{"@context":"https:\/\/schema.org","@graph":[{"@type":"WebPage","@id":"https:\/\/colegiotecnova.com.ar\/secundario\/","url":"https:\/\/colegiotecnova.com.ar\/secundario\/","name":"Home - Colegio Tecnova","isPartOf":{"@id":"https:\/\/colegiotecnova.com.ar\/secundario\/#website"},"primaryImageOfPage":{"@id":"https:\/\/colegiotecnova.com.ar\/secundario\/#primaryimage"},"image":{"@id":"https:\/\/colegiotecnova.com.ar\/secundario\/#primaryimage"},"thumbnailUrl":"https:\/\/colegiotecnova.com.ar\/secundario\/wp-content\/uploads\/2025\/10\/foto-1-secu.jpg","datePublished":"2019-09-05T17:48:40+00:00","dateModified":"2025-10-13T12:21:52+00:00","breadcrumb":{"@id":"https:\/\/colegiotecnova.com.ar\/secundario\/#breadcrumb"},"inLanguage":"es","potentialAction":[{"@type":"ReadAction","target":["https:\/\/colegiotecnova.com.ar\/secundario\/"]}]},{"@type":"ImageObject","inLanguage":"es","@id":"https:\/\/colegiotecnova.com.ar\/secundario\/#primaryimage","url":"https:\/\/colegiotecnova.com.ar\/secundario\/wp-content\/uploads\/2025\/10\/foto-1-secu.jpg","contentUrl":"https:\/\/colegiotecnova.com.ar\/secundario\/wp-content\/uploads\/2025\/10\/foto-1-secu.jpg","width":1663,"height":1117},{"@type":"BreadcrumbList","@id":"https:\/\/colegiotecnova.com.ar\/secundario\/#breadcrumb","itemListElement":[{"@type":"ListItem","position":1,"name":"Portada","item":"https:\/\/colegiotecnova.com.ar\/secundario\/"},{"@type":"ListItem","position":2,"name":"Home"}]},{"@type":"WebSite","@id":"https:\/\/colegiotecnova.com.ar\/secundario\/#website","url":"https:\/\/colegiotecnova.com.ar\/secundario\/","name":"Colegio Tecnova","description":"Nivel Secundario","potentialAction":[{"@type":"SearchAction","target":{"@type":"EntryPoint","urlTemplate":"https:\/\/colegiotecnova.com.ar\/secundario\/?s={search_term_string}"},"query-input":"required name=search_term_string"}],"inLanguage":"es"}]}},"_links":{"self":[{"href":"https:\/\/colegiotecnova.com.ar\/secundario\/wp-json\/wp\/v2\/pages\/26","targetHints":{"allow":["GET"]}}],"collection":[{"href":"https:\/\/colegiotecnova.com.ar\/secundario\/wp-json\/wp\/v2\/pages"}],"about":[{"href":"https:\/\/colegiotecnova.com.ar\/secundario\/wp-json\/wp\/v2\/types\/page"}],"author":[{"embeddable":true,"href":"https:\/\/colegiotecnova.com.ar\/secundario\/wp-json\/wp\/v2\/users\/1"}],"replies":[{"embeddable":true,"href":"https:\/\/colegiotecnova.com.ar\/secundario\/wp-json\/wp\/v2\/comments?post=26"}],"version-history":[{"count":288,"href":"https:\/\/colegiotecnova.com.ar\/secundario\/wp-json\/wp\/v2\/pages\/26\/revisions"}],"predecessor-version":[{"id":1635,"href":"https:\/\/colegiotecnova.com.ar\/secundario\/wp-json\/wp\/v2\/pages\/26\/revisions\/1635"}],"wp:attachment":[{"href":"https:\/\/colegiotecnova.com.ar\/secundario\/wp-json\/wp\/v2\/media?parent=26"}],"curies":[{"name":"wp","href":"https:\/\/api.w.org\/{rel}","templated":true}]}}