{"id":745,"date":"2021-01-07T17:27:41","date_gmt":"2021-01-07T17:27:41","guid":{"rendered":"https:\/\/colegiotecnova.com.ar\/?page_id=745"},"modified":"2026-03-27T17:57:46","modified_gmt":"2026-03-27T17:57:46","slug":"comedor-escolar","status":"publish","type":"page","link":"https:\/\/colegiotecnova.com.ar\/primario\/comedor-escolar\/","title":{"rendered":"Comedor Escolar"},"content":{"rendered":"\t<section class=\"section comedor\" id=\"section_1763951638\">\n\t\t<div class=\"bg section-bg fill bg-fill  bg-loaded\" >\n\n\t\t\t\n\t\t\t\n\t\t\t\n\n\t\t<\/div>\n\n\t\t\n\n\t\t<div class=\"section-content relative\">\n\t\t\t\n<div class=\"row\"  id=\"row-982622461\">\n\n\t<div id=\"col-1123862697\" class=\"col medium-12 small-12 large-12\"  >\n\t\t\t\t<div class=\"col-inner\"  >\n\t\t\t\n\t\t\t\n<p class=\"pNone\"><img loading=\"lazy\" decoding=\"async\" class=\"alignnone size-full wp-image-1706\" src=\"https:\/\/colegiotecnova.com.ar\/primario\/wp-content\/uploads\/2025\/02\/ST1A4413-1-scaled.jpg\" alt=\"\" width=\"2560\" height=\"1707\" srcset=\"https:\/\/colegiotecnova.com.ar\/primario\/wp-content\/uploads\/2025\/02\/ST1A4413-1-scaled.jpg 2560w, https:\/\/colegiotecnova.com.ar\/primario\/wp-content\/uploads\/2025\/02\/ST1A4413-1-768x512.jpg 768w, https:\/\/colegiotecnova.com.ar\/primario\/wp-content\/uploads\/2025\/02\/ST1A4413-1-1536x1024.jpg 1536w, https:\/\/colegiotecnova.com.ar\/primario\/wp-content\/uploads\/2025\/02\/ST1A4413-1-2048x1365.jpg 2048w\" sizes=\"auto, (max-width: 2560px) 100vw, 2560px\" \/><\/p>\n\t\t<\/div>\n\t\t\t\t\t<\/div>\n\n\t\n\n\t<div id=\"col-605751713\" class=\"col medium-12 small-12 large-12\"  >\n\t\t\t\t<div class=\"col-inner\"  >\n\t\t\t\n\t\t\t\n<h3>Requerimientos del Uso del comedor escolar:<\/h3>\n<h3><strong>SERVICIO DE VIANDAS:<\/strong><\/h3>\n<p>Aquellos alumnos que concurran al comedor bajo esta modalidad, deber\u00e1n traer una mochila o lunchera con&#8230;<\/p>\n<ul>\n<li>\u2192 Tenedor, cuchara y vaso&nbsp;<\/li>\n<li>\u2192 Tapperware (con tapa) el tama\u00f1o deber\u00e1 ser proporcional a la cantidad de comida enviada<\/li>\n<li>\u2192 Botella con bebida.<\/li>\n<li>\u2192 Postre (fr<span style=\"font-size: 14.4px;\">uta, yogurt, etc.) opcional<\/span><\/li>\n<li>\u2192 Los alimentos tienen que estar cortados y condimentados, listos para servir, ya que en comedor los alumnos no utilizan cuchillos.<\/li>\n<li>\u2192 Separar ensaladas o alimentos que no deben calentarse con los que s\u00ed.<\/li>\n<li>\u2192 Por razones de seguridad, est\u00e1 prohibido traer pescado<\/li>\n<li>\u2192 Adem\u00e1s, deber\u00e1n traer todos los d\u00edas en una bolsita o estuche, los elementos de higiene personal (cepillo de dientes, dent\u00edfrico y toalla peque\u00f1a)<\/li>\n<\/ul>\n<h3 class=\"pNone aclaracion\"><strong>SERVICIO DE CATERING:<\/strong><\/h3>\n<ul>\n<li>Aquellos alumnos que concurran al comedor bajo esta modalidad, deber\u00e1n traer todos los d\u00edas en una bolsita o estuche, los elementos de higiene personal (cepillo de dientes, dent\u00edfrico y toalla peque\u00f1a)<\/li>\n<\/ul>\n<h6><em>*Todos los elementos deber\u00e1n tener nombre y apellido sin excepci\u00f3n.<\/em><\/h6>\n\t\t<\/div>\n\t\t\t\t\t<\/div>\n\n\t\n<\/div>\n\t\t<\/div>\n\n\t\t\n<style>\n#section_1763951638 {\n  padding-top: 50px;\n  padding-bottom: 50px;\n}\n<\/style>\n\t<\/section>\n\t\n\t<section class=\"section menu-comedor\" id=\"section_1396926068\">\n\t\t<div class=\"bg section-bg fill bg-fill  bg-loaded\" >\n\n\t\t\t\n\t\t\t\n\t\t\t\n\n\t\t<\/div>\n\n\t\t\n\n\t\t<div class=\"section-content relative\">\n\t\t\t\n<div class=\"row\"  id=\"row-1657729667\">\n\n\t<div id=\"col-1614528737\" class=\"col small-12 large-12\"  >\n\t\t\t\t<div class=\"col-inner\"  >\n\t\t\t\n\t\t\t\n<h3 data-opacity=\"0.9\">Men\u00fa Catering Abril 2026<\/h3>\n<p data-padding=\"5px\" data-opacity=\"0.9\"><span data-text-color=\"primary\"><span style=\"font-size: 14.4px;\">\u00a0<\/span>*Sujeto a modificaciones<\/span><\/p>\n\t<div id=\"gap-180834829\" class=\"gap-element clearfix\" style=\"display:block; height:auto;\">\n\t\t\n<style>\n#gap-180834829 {\n  padding-top: 22px;\n}\n<\/style>\n\t<\/div>\n\t\n<table class=\"menu-table\" style=\"height: 752px;\" width=\"507\">\n<tbody>\n<tr class=\"titulo\">\n<td>Semana<\/td>\n<td>Lunes<\/td>\n<td>Martes<\/td>\n<td>Mi\u00e9rcoles<\/td>\n<td>Jueves<\/td>\n<td>Viernes<\/td>\n<\/tr>\n<tr>\n<td class=\"semana\">\n<p style=\"text-align: center;\">\u00a01\u00ba<\/p>\n<p style=\"text-align: center;\">30\/3 al 3\/4<\/p>\n<\/td>\n<td>\n<p>Spaguetti con salsa pomarola y queso<\/p>\n<p>Duraznos en almibar<\/p>\n<\/td>\n<td>\n<p style=\"text-align: left;\">Risotto de pollo (pollo, arroz amarillo, zanahoria, arvejas)\u00a0<\/p>\n<p>Gelatina<\/p>\n<\/td>\n<td>\n<p style=\"text-align: left;\">Wok de carne con vegetales salteados y fideos<\/p>\n<p>Arrollado de dulce de leche<\/p>\n<\/td>\n<td>\n<p style=\"text-align: center;\">FERIADO<\/p>\n<\/td>\n<td>\n<p style=\"text-align: center;\">FERIADO<\/p>\n<\/td>\n<\/tr>\n<tr>\n<td class=\"semana\">\n<p style=\"text-align: center;\">2\u00b0<\/p>\n<p style=\"text-align: center;\">6\/4 al 10\/4<\/p>\n<\/td>\n<td>\n<p style=\"text-align: left;\">Fideos mostachole con salsa cuatro quesos<\/p>\n<p>Postre de chocolate<\/p>\n<\/td>\n<td>\n<p style=\"text-align: left;\">Wok de pollo con vegetales salteados y arroz<\/p>\n<p>Alfajor con dulce de leche<\/p>\n<\/td>\n<td>\n<p style=\"text-align: left;\">Milanesa de carne con ensalada<\/p>\n<p>Fruta en cubos<\/p>\n<\/td>\n<td>\n<p style=\"text-align: left;\">Cazuela de ternerita con vegetales y fideos<\/p>\n<p>Gelatina con yogur<\/p>\n<\/td>\n<td>\n<p>Sopita de vegetales<\/p>\n<p>Festival de pizzetas<\/p>\n<p>Flan con dulce leche\u00a0<\/p>\n<\/td>\n<\/tr>\n<tr>\n<td class=\"semana\" style=\"text-align: center;\">\n<p>3\u00b0<\/p>\n<p>13\/4 al 17\/4<\/p>\n<\/td>\n<td>\n<p>Tallarines con salsa rosa\u00a0<\/p>\n<p>Arrollado de dulce de leche<\/p>\n<\/td>\n<td style=\"text-align: left;\">\n<p style=\"text-align: left;\">Pollo al verde con papas al horno<\/p>\n<p>Gelatina<\/p>\n<\/td>\n<td style=\"text-align: left;\">\n<p style=\"text-align: left;\">Guisado de arroz con lentejas, vegetales y ternera<\/p>\n<p>Bizcochuelo marmolado<\/p>\n<\/td>\n<td style=\"text-align: left;\">\n<p>Medallones de pollo con pure<\/p>\n<p>Banana Split<\/p>\n<\/td>\n<td style=\"text-align: left;\">\n<p style=\"text-align: left;\">Sopita de vegetales\u00a0<\/p>\n<p style=\"text-align: left;\">Variedad de empanadas<\/p>\n<p>Helado<\/p>\n<\/td>\n<\/tr>\n<tr>\n<td class=\"semana\" style=\"text-align: center;\">\n<p>4\u00b0<\/p>\n<p>20\/4 al 24\/4<\/p>\n<\/td>\n<td style=\"text-align: center;\">\n<p>Fideos tirabuzon con salsa filetto y queso<\/p>\n<p>Bizcochuelo marmolado<\/p>\n<p>\u00a0<\/p>\n<\/td>\n<td style=\"text-align: center;\">\n<p>Wok de pollo con vegetales salteados y arroz<\/p>\n<p>Flan con dulce de leche<\/p>\n<\/td>\n<td>\n<p>Bifecito a la criolla con papas baston al horno<\/p>\n<p>Gelatina con yogur<\/p>\n<\/td>\n<td>\n<p>MIlanesa de pollo con ensalada<\/p>\n<p>Fruta en cubos<\/p>\n<\/td>\n<td style=\"text-align: left;\">\n<p>Sopita de vegetales<\/p>\n<p>Festival de pizzetas<\/p>\n<p>Postre de chocolate<\/p>\n<\/td>\n<\/tr>\n<tr>\n<td class=\"semana\">\n<p style=\"text-align: center;\">5\u00ba<\/p>\n<p style=\"text-align: center;\">27\/4 al 1\/5<\/p>\n<\/td>\n<td>\n<p>Spaguetti con salsa pomarolla y queso<\/p>\n<p>Postre de vainilla<\/p>\n<\/td>\n<td>\n<p>Risotto de pollo (arroz amarillo, zanahoria, arvejas)<\/p>\n<p>Alfajor con dulce de leche<\/p>\n<\/td>\n<td>\n<p>Wok de carne con vegetales salteados y fideos\u00a0<\/p>\n<p>Gelatina con yogur<\/p>\n<\/td>\n<td>\n<p>Sopita de vegetales\u00a0<\/p>\n<p>Variedad de empanadas<\/p>\n<p>Flan con dulce de leche<\/p>\n<\/td>\n<td style=\"text-align: center;\">FERIADO<\/td>\n<\/tr>\n<\/tbody>\n<\/table>\n<p>Bebida: Jugo o Agua.<\/p>\n<p><em>*Consultar por men\u00fa para celiacos o vegetarianos.<\/em><\/p>\n\t\t<\/div>\n\t\t\t\t\t<\/div>\n\n\t\n<\/div>\n\t\t<\/div>\n\n\t\t\n<style>\n#section_1396926068 {\n  padding-top: 0px;\n  padding-bottom: 0px;\n}\n<\/style>\n\t<\/section>\n\t\n","protected":false},"excerpt":{"rendered":"","protected":false},"author":1,"featured_media":0,"parent":0,"menu_order":0,"comment_status":"closed","ping_status":"closed","template":"page-blank.php","meta":{"_joinchat":[],"footnotes":""},"class_list":["post-745","page","type-page","status-publish","hentry"],"yoast_head":"<!-- This site is optimized with the Yoast SEO plugin v23.1 - https:\/\/yoast.com\/wordpress\/plugins\/seo\/ -->\n<title>Comedor Escolar - Colegio Tecnova<\/title>\n<meta name=\"robots\" content=\"index, follow, max-snippet:-1, max-image-preview:large, max-video-preview:-1\" \/>\n<link rel=\"canonical\" href=\"https:\/\/colegiotecnova.com.ar\/primario\/comedor-escolar\/\" \/>\n<meta property=\"og:locale\" content=\"es_ES\" \/>\n<meta property=\"og:type\" content=\"article\" \/>\n<meta property=\"og:title\" content=\"Comedor Escolar - Colegio Tecnova\" \/>\n<meta property=\"og:url\" content=\"https:\/\/colegiotecnova.com.ar\/primario\/comedor-escolar\/\" \/>\n<meta property=\"og:site_name\" content=\"Colegio Tecnova\" \/>\n<meta property=\"article:publisher\" content=\"https:\/\/www.facebook.com\/colegiotecnova\/\" \/>\n<meta property=\"article:modified_time\" content=\"2026-03-27T17:57:46+00:00\" \/>\n<meta property=\"og:image\" content=\"https:\/\/colegiotecnova.com.ar\/primario\/wp-content\/uploads\/2025\/02\/ST1A4413-1-scaled.jpg\" \/>\n<meta name=\"twitter:card\" content=\"summary_large_image\" \/>\n<meta name=\"twitter:label1\" content=\"Tiempo de lectura\" \/>\n\t<meta name=\"twitter:data1\" content=\"2 minutos\" \/>\n<script type=\"application\/ld+json\" class=\"yoast-schema-graph\">{\"@context\":\"https:\/\/schema.org\",\"@graph\":[{\"@type\":\"WebPage\",\"@id\":\"https:\/\/colegiotecnova.com.ar\/primario\/comedor-escolar\/\",\"url\":\"https:\/\/colegiotecnova.com.ar\/primario\/comedor-escolar\/\",\"name\":\"Comedor Escolar - Colegio Tecnova\",\"isPartOf\":{\"@id\":\"https:\/\/colegiotecnova.com.ar\/primario\/#website\"},\"primaryImageOfPage\":{\"@id\":\"https:\/\/colegiotecnova.com.ar\/primario\/comedor-escolar\/#primaryimage\"},\"image\":{\"@id\":\"https:\/\/colegiotecnova.com.ar\/primario\/comedor-escolar\/#primaryimage\"},\"thumbnailUrl\":\"https:\/\/colegiotecnova.com.ar\/primario\/wp-content\/uploads\/2025\/02\/ST1A4413-1-scaled.jpg\",\"datePublished\":\"2021-01-07T17:27:41+00:00\",\"dateModified\":\"2026-03-27T17:57:46+00:00\",\"breadcrumb\":{\"@id\":\"https:\/\/colegiotecnova.com.ar\/primario\/comedor-escolar\/#breadcrumb\"},\"inLanguage\":\"es\",\"potentialAction\":[{\"@type\":\"ReadAction\",\"target\":[\"https:\/\/colegiotecnova.com.ar\/primario\/comedor-escolar\/\"]}]},{\"@type\":\"ImageObject\",\"inLanguage\":\"es\",\"@id\":\"https:\/\/colegiotecnova.com.ar\/primario\/comedor-escolar\/#primaryimage\",\"url\":\"https:\/\/colegiotecnova.com.ar\/primario\/wp-content\/uploads\/2025\/02\/ST1A4413-1-scaled.jpg\",\"contentUrl\":\"https:\/\/colegiotecnova.com.ar\/primario\/wp-content\/uploads\/2025\/02\/ST1A4413-1-scaled.jpg\",\"width\":2560,\"height\":1707},{\"@type\":\"BreadcrumbList\",\"@id\":\"https:\/\/colegiotecnova.com.ar\/primario\/comedor-escolar\/#breadcrumb\",\"itemListElement\":[{\"@type\":\"ListItem\",\"position\":1,\"name\":\"Portada\",\"item\":\"https:\/\/colegiotecnova.com.ar\/primario\/\"},{\"@type\":\"ListItem\",\"position\":2,\"name\":\"Comedor Escolar\"}]},{\"@type\":\"WebSite\",\"@id\":\"https:\/\/colegiotecnova.com.ar\/primario\/#website\",\"url\":\"https:\/\/colegiotecnova.com.ar\/primario\/\",\"name\":\"Colegio Tecnova\",\"description\":\"Ciclo Primario\",\"publisher\":{\"@id\":\"https:\/\/colegiotecnova.com.ar\/primario\/#organization\"},\"potentialAction\":[{\"@type\":\"SearchAction\",\"target\":{\"@type\":\"EntryPoint\",\"urlTemplate\":\"https:\/\/colegiotecnova.com.ar\/primario\/?s={search_term_string}\"},\"query-input\":\"required name=search_term_string\"}],\"inLanguage\":\"es\"},{\"@type\":\"Organization\",\"@id\":\"https:\/\/colegiotecnova.com.ar\/primario\/#organization\",\"name\":\"Colegio Tecnova\",\"url\":\"https:\/\/colegiotecnova.com.ar\/primario\/\",\"logo\":{\"@type\":\"ImageObject\",\"inLanguage\":\"es\",\"@id\":\"https:\/\/colegiotecnova.com.ar\/primario\/#\/schema\/logo\/image\/\",\"url\":\"https:\/\/colegiotecnova.com.ar\/primario\/wp-content\/uploads\/2019\/09\/tecnova-logo.svg\",\"contentUrl\":\"https:\/\/colegiotecnova.com.ar\/primario\/wp-content\/uploads\/2019\/09\/tecnova-logo.svg\",\"width\":1,\"height\":1,\"caption\":\"Colegio Tecnova\"},\"image\":{\"@id\":\"https:\/\/colegiotecnova.com.ar\/primario\/#\/schema\/logo\/image\/\"},\"sameAs\":[\"https:\/\/www.facebook.com\/colegiotecnova\/\",\"https:\/\/www.instagram.com\/colegiotecnova\/\"]}]}<\/script>\n<!-- \/ Yoast SEO plugin. -->","yoast_head_json":{"title":"Comedor Escolar - Colegio Tecnova","robots":{"index":"index","follow":"follow","max-snippet":"max-snippet:-1","max-image-preview":"max-image-preview:large","max-video-preview":"max-video-preview:-1"},"canonical":"https:\/\/colegiotecnova.com.ar\/primario\/comedor-escolar\/","og_locale":"es_ES","og_type":"article","og_title":"Comedor Escolar - Colegio Tecnova","og_url":"https:\/\/colegiotecnova.com.ar\/primario\/comedor-escolar\/","og_site_name":"Colegio Tecnova","article_publisher":"https:\/\/www.facebook.com\/colegiotecnova\/","article_modified_time":"2026-03-27T17:57:46+00:00","og_image":[{"url":"https:\/\/colegiotecnova.com.ar\/primario\/wp-content\/uploads\/2025\/02\/ST1A4413-1-scaled.jpg"}],"twitter_card":"summary_large_image","twitter_misc":{"Tiempo de lectura":"2 minutos"},"schema":{"@context":"https:\/\/schema.org","@graph":[{"@type":"WebPage","@id":"https:\/\/colegiotecnova.com.ar\/primario\/comedor-escolar\/","url":"https:\/\/colegiotecnova.com.ar\/primario\/comedor-escolar\/","name":"Comedor Escolar - Colegio Tecnova","isPartOf":{"@id":"https:\/\/colegiotecnova.com.ar\/primario\/#website"},"primaryImageOfPage":{"@id":"https:\/\/colegiotecnova.com.ar\/primario\/comedor-escolar\/#primaryimage"},"image":{"@id":"https:\/\/colegiotecnova.com.ar\/primario\/comedor-escolar\/#primaryimage"},"thumbnailUrl":"https:\/\/colegiotecnova.com.ar\/primario\/wp-content\/uploads\/2025\/02\/ST1A4413-1-scaled.jpg","datePublished":"2021-01-07T17:27:41+00:00","dateModified":"2026-03-27T17:57:46+00:00","breadcrumb":{"@id":"https:\/\/colegiotecnova.com.ar\/primario\/comedor-escolar\/#breadcrumb"},"inLanguage":"es","potentialAction":[{"@type":"ReadAction","target":["https:\/\/colegiotecnova.com.ar\/primario\/comedor-escolar\/"]}]},{"@type":"ImageObject","inLanguage":"es","@id":"https:\/\/colegiotecnova.com.ar\/primario\/comedor-escolar\/#primaryimage","url":"https:\/\/colegiotecnova.com.ar\/primario\/wp-content\/uploads\/2025\/02\/ST1A4413-1-scaled.jpg","contentUrl":"https:\/\/colegiotecnova.com.ar\/primario\/wp-content\/uploads\/2025\/02\/ST1A4413-1-scaled.jpg","width":2560,"height":1707},{"@type":"BreadcrumbList","@id":"https:\/\/colegiotecnova.com.ar\/primario\/comedor-escolar\/#breadcrumb","itemListElement":[{"@type":"ListItem","position":1,"name":"Portada","item":"https:\/\/colegiotecnova.com.ar\/primario\/"},{"@type":"ListItem","position":2,"name":"Comedor Escolar"}]},{"@type":"WebSite","@id":"https:\/\/colegiotecnova.com.ar\/primario\/#website","url":"https:\/\/colegiotecnova.com.ar\/primario\/","name":"Colegio Tecnova","description":"Ciclo Primario","publisher":{"@id":"https:\/\/colegiotecnova.com.ar\/primario\/#organization"},"potentialAction":[{"@type":"SearchAction","target":{"@type":"EntryPoint","urlTemplate":"https:\/\/colegiotecnova.com.ar\/primario\/?s={search_term_string}"},"query-input":"required name=search_term_string"}],"inLanguage":"es"},{"@type":"Organization","@id":"https:\/\/colegiotecnova.com.ar\/primario\/#organization","name":"Colegio Tecnova","url":"https:\/\/colegiotecnova.com.ar\/primario\/","logo":{"@type":"ImageObject","inLanguage":"es","@id":"https:\/\/colegiotecnova.com.ar\/primario\/#\/schema\/logo\/image\/","url":"https:\/\/colegiotecnova.com.ar\/primario\/wp-content\/uploads\/2019\/09\/tecnova-logo.svg","contentUrl":"https:\/\/colegiotecnova.com.ar\/primario\/wp-content\/uploads\/2019\/09\/tecnova-logo.svg","width":1,"height":1,"caption":"Colegio Tecnova"},"image":{"@id":"https:\/\/colegiotecnova.com.ar\/primario\/#\/schema\/logo\/image\/"},"sameAs":["https:\/\/www.facebook.com\/colegiotecnova\/","https:\/\/www.instagram.com\/colegiotecnova\/"]}]}},"_links":{"self":[{"href":"https:\/\/colegiotecnova.com.ar\/primario\/wp-json\/wp\/v2\/pages\/745","targetHints":{"allow":["GET"]}}],"collection":[{"href":"https:\/\/colegiotecnova.com.ar\/primario\/wp-json\/wp\/v2\/pages"}],"about":[{"href":"https:\/\/colegiotecnova.com.ar\/primario\/wp-json\/wp\/v2\/types\/page"}],"author":[{"embeddable":true,"href":"https:\/\/colegiotecnova.com.ar\/primario\/wp-json\/wp\/v2\/users\/1"}],"replies":[{"embeddable":true,"href":"https:\/\/colegiotecnova.com.ar\/primario\/wp-json\/wp\/v2\/comments?post=745"}],"version-history":[{"count":94,"href":"https:\/\/colegiotecnova.com.ar\/primario\/wp-json\/wp\/v2\/pages\/745\/revisions"}],"predecessor-version":[{"id":2114,"href":"https:\/\/colegiotecnova.com.ar\/primario\/wp-json\/wp\/v2\/pages\/745\/revisions\/2114"}],"wp:attachment":[{"href":"https:\/\/colegiotecnova.com.ar\/primario\/wp-json\/wp\/v2\/media?parent=745"}],"curies":[{"name":"wp","href":"https:\/\/api.w.org\/{rel}","templated":true}]}}