{"id":26,"date":"2019-09-05T17:48:40","date_gmt":"2019-09-05T17:48:40","guid":{"rendered":"http:\/\/colegioinnova.com.ar\/?page_id=26"},"modified":"2025-05-26T15:42:05","modified_gmt":"2025-05-26T15:42:05","slug":"home","status":"publish","type":"page","link":"https:\/\/colegiotecnova.com.ar\/primario\/","title":{"rendered":"Home"},"content":{"rendered":"\t<section class=\"section\" id=\"section_1160801571\">\n\t\t<div class=\"bg section-bg fill bg-fill  bg-loaded\" >\n\n\t\t\t\n\t\t\t\n\t\t\t\n\n\t\t<\/div>\n\n\t\t\n\n\t\t<div class=\"section-content relative\">\n\t\t\t\n<div class=\"row row-collapse row-full-width\"  id=\"row-1380861971\">\n\n\t<div id=\"col-90344961\" class=\"col small-12 large-12\"  >\n\t\t\t\t<div class=\"col-inner\"  >\n\t\t\t\n\t\t\t\n\n  <div class=\"banner has-hover\" id=\"banner-1098099846\">\n          <div class=\"banner-inner fill\">\n        <div class=\"banner-bg fill\" >\n            <div class=\"bg fill bg-fill \"><\/div>\n                                    \n                    <\/div>\n\t\t\n        <div class=\"banner-layers container\">\n            <div class=\"fill banner-link\"><\/div>            \n   <div id=\"text-box-1503811409\" class=\"text-box banner-layer box-banner-home x5 md-x5 lg-x5 y15 md-y15 lg-y15 res-text\">\n                                <div class=\"text-box-content text dark\">\n              \n              <div class=\"text-inner text-left\">\n                  \n<h3><span>Si los chicos son el futuro,<\/span> <br \/>el presente es Tecnova<\/h3>\n<p>Brindamos una educaci\u00f3n integral apoyados en la tecnolog\u00eda como herramienta y otras disciplinas del mundo de hoy.<\/p>\n<a href=\"\/primario\/reunion\" target=\"_self\" class=\"button secondary lowercase apply-banner\"  >\n    <span>Reservar reuni\u00f3n<\/span>\n  <\/a>\n\n<a rel=\"noopener noreferrer\" href=\"\/primario\/wp-content\/uploads\/2024\/04\/Recorrido-Virtual-de-Colegio-Tecnova-1.mp4\" target=\"_blank\" class=\"button primary lowercase video-banner\"  >\n    <span>Recorrido virtual<\/span>\n  <\/a>\n\n              <\/div>\n           <\/div>\n                            \n<style>\n#text-box-1503811409 {\n  width: 40%;\n}\n#text-box-1503811409 .text-box-content {\n  font-size: 120%;\n}\n<\/style>\n    <\/div>\n \n        <\/div>\n      <\/div>\n\n            \n<style>\n#banner-1098099846 {\n  padding-top: 710px;\n}\n#banner-1098099846 .bg.bg-loaded {\n  background-image: url(https:\/\/colegiotecnova.com.ar\/primario\/wp-content\/uploads\/2019\/09\/back-home-tecnova-6.jpg);\n}\n<\/style>\n  <\/div>\n\n\n\t\t<\/div>\n\t\t\t\t\t<\/div>\n\n\t\n<\/div>\n\t\t<\/div>\n\n\t\t\n<style>\n#section_1160801571 {\n  padding-top: 0px;\n  padding-bottom: 0px;\n}\n<\/style>\n\t<\/section>\n\t\n\t<section class=\"section grid-home\" id=\"section_1273772739\">\n\t\t<div class=\"bg section-bg fill bg-fill  bg-loaded\" >\n\n\t\t\t\n\t\t\t\n\t\t\t\n\n\t\t<\/div>\n\n\t\t\n\n\t\t<div class=\"section-content relative\">\n\t\t\t\n\n<p><a id=\"servicios\" name=\"servicios\"><\/a><br \/>\n\n<div class=\"row\"  id=\"row-839444450\">\n\n\t<div id=\"col-1425074744\" class=\"col medium-12 small-12 large-8\"  >\n\t\t\t\t<div class=\"col-inner\"  >\n\t\t\t\n\t\t\t\n<div class=\"row align-equal\"  id=\"row-1926974430\">\n\n\t<div id=\"col-1812788649\" class=\"col servicios medium-6 small-12 large-6\"  >\n\t\t\t\t<div class=\"col-inner text-center\"  >\n\t\t\t\n\t\t\t\n<p><img decoding=\"async\" src=\"\/wp-content\/uploads\/2019\/09\/clock-icon.svg\" width=\"120\" \/><\/p>\n<h3>Jornada extendida obligatoria<\/h3>\n<p>Ense\u00f1anza curricular de 8 a 12 hs <br \/>Actividades extracurriculares y apoyo escolar de 13:15 a 17 hs<\/p>\n<p><a class=\"boton-comedor\" href=\"\/primario\/wp-content\/uploads\/2024\/04\/Presentacion-Tecnova-ok.mp4\" rel=\"noopener noreferrer\">M\u00e1s info<\/a><\/p>\n\t\t<\/div>\n\t\t\t\t\n<style>\n#col-1812788649 > .col-inner {\n  padding: 25px 0px 25px 0px;\n}\n<\/style>\n\t<\/div>\n\n\t\n\n\t<div id=\"col-1945917397\" class=\"col servicios comida medium-6 small-12 large-6\"  >\n\t\t\t\t<div class=\"col-inner text-center\"  >\n\t\t\t\n\t\t\t\n<p><img decoding=\"async\" width=\"120\" src=\"\/wp-content\/uploads\/2019\/09\/dish-icon.svg\"><\/p>\n<h3>Servicio de comedor escolar<\/h3>\n<p class=\"textoconboton\">Contamos con un men\u00fa variado y atendiendo a las necesidades nutricionales<\/p>\n<p><a class=\"boton-comedor\" href=\"\/primario\/comedor-escolar\/\" rel=\"noopener noreferrer\"><span>M\u00e1s info<\/span><\/a><\/p>\n\t\t<\/div>\n\t\t\t\t\n<style>\n#col-1945917397 > .col-inner {\n  padding: 25px 0px 25px 0px;\n}\n<\/style>\n\t<\/div>\n\n\t\n\n\t<div id=\"col-1438775748\" class=\"col servicios medium-6 small-12 large-6\"  >\n\t\t\t\t<div class=\"col-inner text-center\"  >\n\t\t\t\n\t\t\t\n<p><img decoding=\"async\" src=\"\/wp-content\/uploads\/2019\/09\/chess-icon.svg\" width=\"120\" \/><\/p>\n<h3>Espacio de recreaci\u00f3n<\/h3>\n<p>Patio abierto y semicubierto<\/p>\n<p><a class=\"boton-comedor\" href=\"\/primario\/espacio-de-recreacion\/\" rel=\"noopener noreferrer\">M\u00e1s info<\/a><\/p>\n\t\t<\/div>\n\t\t\t\t\n<style>\n#col-1438775748 > .col-inner {\n  padding: 25px 0px 25px 0px;\n}\n<\/style>\n\t<\/div>\n\n\t\n\n\t<div id=\"col-72703057\" class=\"col servicios medium-6 small-12 large-6\"  >\n\t\t\t\t<div class=\"col-inner text-center\"  >\n\t\t\t\n\t\t\t\n<p><img decoding=\"async\" src=\"\/wp-content\/uploads\/2019\/09\/bus-icon.svg\" width=\"120\" \/><\/p>\n<h3>Viajes y excursiones<\/h3>\n<p>Se realizar\u00e1n campamentos, excursiones o viajes de acuerdo a las actividades programadas en cada a\u00f1o<\/p>\n<p><a class=\"boton-comedor\" href=\"https:\/\/colegiotecnova.com.ar\/primario\/1202-2\/\" rel=\"noopener noreferrer\">M\u00e1s info<\/a><\/p>\n\t\t<\/div>\n\t\t\t\t\n<style>\n#col-72703057 > .col-inner {\n  padding: 25px 0px 25px 0px;\n}\n<\/style>\n\t<\/div>\n\n\t\n<\/div>\n\t\t<\/div>\n\t\t\t\t\t<\/div>\n\n\t\n\n\t<div id=\"col-1792712399\" class=\"col servicios especial medium-12 small-12 large-4\"  >\n\t\t\t\t<div class=\"col-inner text-center\"  >\n\t\t\t\n\t\t\t\n<h3>\u00a1Comunicate con nosotros!<\/h3>\n\n<div class=\"wpcf7 no-js\" id=\"wpcf7-f47-o1\" lang=\"es-ES\" dir=\"ltr\" data-wpcf7-id=\"47\">\n<div class=\"screen-reader-response\"><p role=\"status\" aria-live=\"polite\" aria-atomic=\"true\"><\/p> <ul><\/ul><\/div>\n<form action=\"\/primario\/wp-json\/wp\/v2\/pages\/26#wpcf7-f47-o1\" method=\"post\" class=\"wpcf7-form init\" aria-label=\"Formulario de contacto\" novalidate=\"novalidate\" data-status=\"init\">\n<div style=\"display: none;\">\n<input type=\"hidden\" name=\"_wpcf7\" value=\"47\" \/>\n<input type=\"hidden\" name=\"_wpcf7_version\" value=\"6.0.6\" \/>\n<input type=\"hidden\" name=\"_wpcf7_locale\" value=\"es_ES\" \/>\n<input type=\"hidden\" name=\"_wpcf7_unit_tag\" value=\"wpcf7-f47-o1\" \/>\n<input type=\"hidden\" name=\"_wpcf7_container_post\" value=\"0\" \/>\n<input type=\"hidden\" name=\"_wpcf7_posted_data_hash\" value=\"\" \/>\n<\/div>\n<p><span class=\"wpcf7-form-control-wrap\" data-name=\"your-name\"><input size=\"40\" maxlength=\"400\" class=\"wpcf7-form-control wpcf7-text wpcf7-validates-as-required\" aria-required=\"true\" aria-invalid=\"false\" placeholder=\"Nombre\" value=\"\" type=\"text\" name=\"your-name\" \/><\/span><br \/>\n<span class=\"wpcf7-form-control-wrap\" data-name=\"your-email\"><input size=\"40\" maxlength=\"400\" class=\"wpcf7-form-control wpcf7-email wpcf7-validates-as-required wpcf7-text wpcf7-validates-as-email\" aria-required=\"true\" aria-invalid=\"false\" placeholder=\"Correo\" value=\"\" type=\"email\" name=\"your-email\" \/><\/span><br \/>\n<span class=\"wpcf7-form-control-wrap\" data-name=\"your-phone\"><input size=\"40\" maxlength=\"400\" class=\"wpcf7-form-control wpcf7-text\" aria-invalid=\"false\" placeholder=\"Tel\u00e9fono\" value=\"\" type=\"text\" name=\"your-phone\" \/><\/span><br \/>\n<span class=\"wpcf7-form-control-wrap\" data-name=\"your-message\"><textarea cols=\"40\" rows=\"10\" maxlength=\"2000\" class=\"wpcf7-form-control wpcf7-textarea\" aria-invalid=\"false\" placeholder=\"Consulta\" name=\"your-message\"><\/textarea><\/span><br \/>\n<input class=\"wpcf7-form-control wpcf7-submit has-spinner\" type=\"submit\" value=\"Enviar\" \/>\n<\/p><div class=\"wpcf7-response-output\" aria-hidden=\"true\"><\/div>\n<\/form>\n<\/div>\n\n\t\t<\/div>\n\t\t\t\t\t<\/div>\n\n\t\n<\/div>\n\t\t<\/div>\n\n\t\t\n<style>\n#section_1273772739 {\n  padding-top: 30px;\n  padding-bottom: 30px;\n}\n<\/style>\n\t<\/section>\n\t\n\n<p><a id=\"propuesta\" name=\"propuesta\"><\/a><br \/>\n\n\t<section class=\"section accordion-home\" id=\"section_1611295083\">\n\t\t<div class=\"bg section-bg fill bg-fill  bg-loaded\" >\n\n\t\t\t\n\t\t\t\n\t\t\t\n\n\t\t<\/div>\n\n\t\t\n\n\t\t<div class=\"section-content relative\">\n\t\t\t\n<div class=\"row row-small\"  id=\"row-99816474\">\n\n\t<div id=\"col-2015042727\" class=\"col small-12 large-12\"  >\n\t\t\t\t<div class=\"col-inner\"  >\n\t\t\t\n\t\t\t\n<p><strong>Nos proponemos construir un modelo pedag\u00f3gico innovador que permita a los alumnos disfrutar de la construcci\u00f3n de su aprendizaje, en un marco de creatividad, exploraci\u00f3n y colaboraci\u00f3n, siempre en contacto con la tecnolog\u00eda.<\/strong><\/p>\n<p>Se trata de darles las herramientas que les permitan resolver problemas, crear oportunidades para afrontar la aventura de aprender con las habilidades que necesitan para construir el futuro.<br \/>\nBrindamos a nuestros alumnos un trato personalizado pues los consideramos seres \u00fanicos e irrepetibles dotados de interioridad y autoconciencia, por ello incorporamos la neurociencia y la inteligencia emocional para desarrollar el proceso de aprendizaje.<\/p>\n\t\t<\/div>\n\t\t\t\t\t<\/div>\n\n\t\n\n\t<div id=\"col-551307764\" class=\"col medium-12 small-12 large-6\"  >\n\t\t\t\t<div class=\"col-inner text-left\"  >\n\t\t\t\n\t\t\t\n<div class=\"accordion\">\n\t<div id=\"accordion-1532341232\" class=\"accordion-item accordion-1\">\n\t\t<a id=\"accordion-1532341232-label\" class=\"accordion-title plain\" href=\"#accordion-item-conectados_con_la_tecnolog\u00eda_y_nuestro_alrededor.\" aria-expanded=\"false\" aria-controls=\"accordion-1532341232-content\" >\n\t\t\t<button class=\"toggle\" aria-label=\"Toggle\"><i class=\"icon-angle-down\"><\/i><\/button>\n\t\t\t<span>Conectados con la tecnolog\u00eda y nuestro alrededor.<\/span>\n\t\t<\/a>\n\t\t<div id=\"accordion-1532341232-content\" class=\"accordion-inner\" aria-labelledby=\"accordion-1532341232-label\" >\n\t\t\t\n<p>Los tiempos de la educaci\u00f3n cambiaron y es por eso que en Tecnova incorporamos herramientas adecuadas al mundo que se vive hoy.<\/p>\n\t\t<\/div>\n\t<\/div>\n\t\n\t<div id=\"accordion-2863275789\" class=\"accordion-item accordion-2\">\n\t\t<a id=\"accordion-2863275789-label\" class=\"accordion-title plain\" href=\"#accordion-item-la_tecnolog\u00eda\" aria-expanded=\"false\" aria-controls=\"accordion-2863275789-content\" >\n\t\t\t<button class=\"toggle\" aria-label=\"Toggle\"><i class=\"icon-angle-down\"><\/i><\/button>\n\t\t\t<span>La tecnolog\u00eda<\/span>\n\t\t<\/a>\n\t\t<div id=\"accordion-2863275789-content\" class=\"accordion-inner\" aria-labelledby=\"accordion-2863275789-label\" >\n\t\t\t\n<p>Es parte de la ense\u00f1anza. Es una herramienta a trav\u00e9s de la cual se trabajan los contenidos y se agiliza el proceso de aprendizaje.<\/p>\n\t\t<\/div>\n\t<\/div>\n\t\n\t<div id=\"accordion-2958676562\" class=\"accordion-item accordion-3\">\n\t\t<a id=\"accordion-2958676562-label\" class=\"accordion-title plain\" href=\"#accordion-item-ecolog\u00eda\" aria-expanded=\"false\" aria-controls=\"accordion-2958676562-content\" >\n\t\t\t<button class=\"toggle\" aria-label=\"Toggle\"><i class=\"icon-angle-down\"><\/i><\/button>\n\t\t\t<span>Ecolog\u00eda<\/span>\n\t\t<\/a>\n\t\t<div id=\"accordion-2958676562-content\" class=\"accordion-inner\" aria-labelledby=\"accordion-2958676562-label\" >\n\t\t\t\n<p>Como una ense\u00f1anza fundamental para tomar conciencia del entorno y formar a personas comprometidas con el cuidado del planeta.<\/p>\n\t\t<\/div>\n\t<\/div>\n\t\n\t<div id=\"accordion-3458971620\" class=\"accordion-item accordion-4\">\n\t\t<a id=\"accordion-3458971620-label\" class=\"accordion-title plain\" href=\"#accordion-item-mindfulness\" aria-expanded=\"false\" aria-controls=\"accordion-3458971620-content\" >\n\t\t\t<button class=\"toggle\" aria-label=\"Toggle\"><i class=\"icon-angle-down\"><\/i><\/button>\n\t\t\t<span>Mindfulness<\/span>\n\t\t<\/a>\n\t\t<div id=\"accordion-3458971620-content\" class=\"accordion-inner\" aria-labelledby=\"accordion-3458971620-label\" >\n\t\t\t\n<p>Como t\u00e9cnica de relajaci\u00f3n y pr\u00e1ctica sumamente necesaria para fomentar la buena concentraci\u00f3n y atenci\u00f3n en las aulas.<\/p>\n\t\t<\/div>\n\t<\/div>\n\t\n\t<div id=\"accordion-80861468\" class=\"accordion-item accordion-5\">\n\t\t<a id=\"accordion-80861468-label\" class=\"accordion-title plain\" href=\"#accordion-item-perfil_de_egresado\" aria-expanded=\"false\" aria-controls=\"accordion-80861468-content\" >\n\t\t\t<button class=\"toggle\" aria-label=\"Toggle\"><i class=\"icon-angle-down\"><\/i><\/button>\n\t\t\t<span>Perfil de egresado<\/span>\n\t\t<\/a>\n\t\t<div id=\"accordion-80861468-content\" class=\"accordion-inner\" aria-labelledby=\"accordion-80861468-label\" >\n\t\t\t\n<ul>\n<li>Tecnol\u00f3gicamente actualizado.<\/li>\n<li>H\u00e1bil en el manejos de idiomas.<\/li>\n<li>Resolutivo y decidido.<\/li>\n<li>Creativo, innovador y conocedor de diversas artes.<\/li>\n<li>Comprometido con el medio ambiente.<\/li>\n<li>Con habilidades deportivas y cuidadoso de su cuerpo.<\/li>\n<li>Socialmente empatico, solidario, cooperativo y respetuoso de la diversidad.<\/li>\n<li>Conocedor de sus propias capacidades para realizarse y ser feliz.<\/li>\n<\/ul>\n<a rel=\"noopener noreferrer\" href=\"\/primario\/wp-content\/uploads\/2023\/08\/Perfil-Egresado.mp4\" target=\"_blank\" class=\"button secondary video-banner\"  style=\"border-radius:10px;\">\n    <span>Ver Video<\/span>\n  <\/a>\n\n\t\t<\/div>\n\t<\/div>\n\t\n<\/div>\n\t\t<\/div>\n\t\t\t\t\t<\/div>\n\n\t\n\n\t<div id=\"col-1578652239\" class=\"col hide-for-medium medium-12 small-12 large-6\"  >\n\t\t\t\t<div class=\"col-inner\"  >\n\t\t\t\n\t\t\t\n<p class=\"pNone\"><img loading=\"lazy\" decoding=\"async\" class=\"alignnone size-full wp-image-1709\" src=\"https:\/\/colegiotecnova.com.ar\/primario\/wp-content\/uploads\/2025\/02\/ST1A4423-scaled.jpg\" alt=\"\" width=\"2560\" height=\"1707\" srcset=\"https:\/\/colegiotecnova.com.ar\/primario\/wp-content\/uploads\/2025\/02\/ST1A4423-scaled.jpg 2560w, https:\/\/colegiotecnova.com.ar\/primario\/wp-content\/uploads\/2025\/02\/ST1A4423-768x512.jpg 768w, https:\/\/colegiotecnova.com.ar\/primario\/wp-content\/uploads\/2025\/02\/ST1A4423-1536x1024.jpg 1536w, https:\/\/colegiotecnova.com.ar\/primario\/wp-content\/uploads\/2025\/02\/ST1A4423-2048x1365.jpg 2048w\" sizes=\"auto, (max-width: 2560px) 100vw, 2560px\" \/><\/p>\n\t\t<\/div>\n\t\t\t\t\t<\/div>\n\n\t\n<\/div>\n\t\t<\/div>\n\n\t\t\n<style>\n#section_1611295083 {\n  padding-top: 30px;\n  padding-bottom: 30px;\n}\n<\/style>\n\t<\/section>\n\t\n\n<p><a id=\"actividades\" name=\"actividades\"><\/a><br \/>\n\n\t<section class=\"section talleres-home\" id=\"section_263747012\">\n\t\t<div class=\"bg section-bg fill bg-fill  bg-loaded\" >\n\n\t\t\t\n\t\t\t\n\t\t\t\n\n\t\t<\/div>\n\n\t\t\n\n\t\t<div class=\"section-content relative\">\n\t\t\t\n<div class=\"row row-small\"  id=\"row-1564692244\">\n\n\t<div id=\"col-1528078779\" class=\"col small-12 large-12\"  >\n\t\t\t\t<div class=\"col-inner\"  >\n\t\t\t\n\t\t\t\n<h4>Actividades Extracurriculares<\/h4>\n<p>Proponemos espacios de interacci\u00f3n, diversi\u00f3n y aprendizaje para que los alumnos desarrollen sus capacidades f\u00edsicas, emocionales y mentales.<br \/>\nLas actividades extracurriculares se realizan en el colegio, para eso contamos con la infraestructura necesaria.<\/p>\n\t<div id=\"gap-1671301557\" class=\"gap-element clearfix\" style=\"display:block; height:auto;\">\n\t\t\n<style>\n#gap-1671301557 {\n  padding-top: 35px;\n}\n<\/style>\n\t<\/div>\n\t\n\t\t<\/div>\n\t\t\t\t\t<\/div>\n\n\t\n<\/div>\n\t\t<\/div>\n\n\t\t\n<style>\n#section_263747012 {\n  padding-top: 50px;\n  padding-bottom: 50px;\n}\n<\/style>\n\t<\/section>\n\t\n\t<section class=\"section actytal\" id=\"section_1062969842\">\n\t\t<div class=\"bg section-bg fill bg-fill  bg-loaded\" >\n\n\t\t\t\n\t\t\t\n\t\t\t\n\n\t\t<\/div>\n\n\t\t\n\n\t\t<div class=\"section-content relative\">\n\t\t\t\n<div class=\"row row-small\"  id=\"row-137915286\">\n\n\t<div id=\"col-1151287142\" class=\"col small-12 large-12\"  >\n\t\t\t\t<div class=\"col-inner\"  >\n\t\t\t\n\t\t\t\n<div class=\"row talleres\"  id=\"row-52077846\">\n\n\t<div id=\"col-173239973\" class=\"col modulos-home medium-6 small-12 large-4\"  >\n\t\t\t\t<div class=\"col-inner\"  >\n\t\t\t\n\t\t\t\n<p>\u00a0<\/p>\n<p class=\"pNone\"><img loading=\"lazy\" decoding=\"async\" class=\"alignnone  wp-image-1640\" src=\"https:\/\/colegiotecnova.com.ar\/primario\/wp-content\/uploads\/2020\/09\/ST1A4330-scaled.jpg\" alt=\"\" width=\"336\" height=\"224\" srcset=\"https:\/\/colegiotecnova.com.ar\/primario\/wp-content\/uploads\/2020\/09\/ST1A4330-scaled.jpg 2560w, https:\/\/colegiotecnova.com.ar\/primario\/wp-content\/uploads\/2020\/09\/ST1A4330-768x512.jpg 768w, https:\/\/colegiotecnova.com.ar\/primario\/wp-content\/uploads\/2020\/09\/ST1A4330-1536x1024.jpg 1536w, https:\/\/colegiotecnova.com.ar\/primario\/wp-content\/uploads\/2020\/09\/ST1A4330-2048x1365.jpg 2048w\" sizes=\"auto, (max-width: 336px) 100vw, 336px\" \/><\/p>\n<h5>Mindfulness<\/h5>\n<p><span data-text-color=\"primary\">Primer y Segundo Ciclo<\/span><\/p>\n<h6><span data-text-bg=\"primary\">5 modulos semanales<\/span><\/h6>\n<p>Esta actividad le aporta al alumno una mayor concentraci\u00f3n y atenci\u00f3n con el aqu\u00ed y ahora, algo sumamente necesario para que los chicos mejoren el rendimiento, el autoconcepto, la creatividad y la participaci\u00f3n en el aula, potencia la memoria, fomenta conductas prosociales y las relaciones interpersonales.<\/p>\n<p>\u00a0<\/p>\n\t\t<\/div>\n\t\t\t\t\t<\/div>\n\n\t\n\n\t<div id=\"col-1559179353\" class=\"col modulos-home medium-6 small-12 large-4\"  >\n\t\t\t\t<div class=\"col-inner\"  >\n\t\t\t\n\t\t\t\n<p>\u00a0<\/p>\n<p class=\"pNone\"><img loading=\"lazy\" decoding=\"async\" class=\"alignnone  wp-image-1657\" src=\"https:\/\/colegiotecnova.com.ar\/primario\/wp-content\/uploads\/2020\/09\/ST1A4310-scaled.jpg\" alt=\"\" width=\"336\" height=\"224\" srcset=\"https:\/\/colegiotecnova.com.ar\/primario\/wp-content\/uploads\/2020\/09\/ST1A4310-scaled.jpg 2560w, https:\/\/colegiotecnova.com.ar\/primario\/wp-content\/uploads\/2020\/09\/ST1A4310-768x512.jpg 768w, https:\/\/colegiotecnova.com.ar\/primario\/wp-content\/uploads\/2020\/09\/ST1A4310-1536x1024.jpg 1536w, https:\/\/colegiotecnova.com.ar\/primario\/wp-content\/uploads\/2020\/09\/ST1A4310-2048x1365.jpg 2048w\" sizes=\"auto, (max-width: 336px) 100vw, 336px\" \/><\/p>\n<h5>Iniciaci\u00f3n al deporte<\/h5>\n<p><span data-text-color=\"primary\">Primer Ciclo<\/span><\/p>\n<h6><span data-text-bg=\"primary\">2 m\u00f3dulos semanales<\/span><\/h6>\n<p>El deporte es una herramienta de formaci\u00f3n y desarrollo de habilidades f\u00edsicas que mejora la salud y permite la interacci\u00f3n social y la incorporaci\u00f3n de valores. Se ofrecen las siguientes pr\u00e1cticas:<br \/>F\u00fatbol, Volleyball, Handball y B\u00e1squet.<\/p>\n<p>\u00a0<\/p>\n\t\t<\/div>\n\t\t\t\t\t<\/div>\n\n\t\n\n\t<div id=\"col-1736712330\" class=\"col modulos-home medium-6 small-12 large-4\"  >\n\t\t\t\t<div class=\"col-inner\"  >\n\t\t\t\n\t\t\t\n<p>\u00a0<\/p>\n<p class=\"pNone\"><img loading=\"lazy\" decoding=\"async\" class=\"alignnone  wp-image-1642\" src=\"https:\/\/colegiotecnova.com.ar\/primario\/wp-content\/uploads\/2023\/06\/WhatsApp-Image-2023-06-08-at-2.43.10-PM.jpeg\" alt=\"\" width=\"300\" height=\"225\" srcset=\"https:\/\/colegiotecnova.com.ar\/primario\/wp-content\/uploads\/2023\/06\/WhatsApp-Image-2023-06-08-at-2.43.10-PM.jpeg 1040w, https:\/\/colegiotecnova.com.ar\/primario\/wp-content\/uploads\/2023\/06\/WhatsApp-Image-2023-06-08-at-2.43.10-PM-768x576.jpeg 768w\" sizes=\"auto, (max-width: 300px) 100vw, 300px\" \/><\/p>\n<h5>Iniciaci\u00f3n musical<\/h5>\n<p><span data-text-color=\"primary\">Primer Ciclo<\/span><\/p>\n<h6><span data-text-bg=\"primary\">2 modulos semanales<\/span><\/h6>\n<p>Las actividades musicales son esenciales para el desarrollo cognitivo, creativo e intelectual de cada alumno. El objetivo es profundizar el desarrollo r\u00edtmico, auditivo, vocal e instrumental a trav\u00e9s de diferentes actividades l\u00fadico-musicales.<\/p>\n<p>\u00a0<\/p>\n\t\t<\/div>\n\t\t\t\t\t<\/div>\n\n\t\n\n\t<div id=\"col-1415136362\" class=\"col modulos-home medium-6 small-12 large-4\"  >\n\t\t\t\t<div class=\"col-inner\"  >\n\t\t\t\n\t\t\t\n<p class=\"pNone\"><img loading=\"lazy\" decoding=\"async\" class=\"alignnone  wp-image-1638\" src=\"https:\/\/colegiotecnova.com.ar\/primario\/wp-content\/uploads\/2024\/11\/ST1A4450-scaled.jpg\" alt=\"\" width=\"336\" height=\"224\" srcset=\"https:\/\/colegiotecnova.com.ar\/primario\/wp-content\/uploads\/2024\/11\/ST1A4450-scaled.jpg 2560w, https:\/\/colegiotecnova.com.ar\/primario\/wp-content\/uploads\/2024\/11\/ST1A4450-768x512.jpg 768w, https:\/\/colegiotecnova.com.ar\/primario\/wp-content\/uploads\/2024\/11\/ST1A4450-1536x1024.jpg 1536w, https:\/\/colegiotecnova.com.ar\/primario\/wp-content\/uploads\/2024\/11\/ST1A4450-2048x1365.jpg 2048w\" sizes=\"auto, (max-width: 336px) 100vw, 336px\" \/><\/p>\n<h5>Ingl\u00e9s<\/h5>\n<p><span data-text-color=\"primary\">Primer Ciclo<\/span><\/p>\n<h6><span data-text-bg=\"primary\">3 m\u00f3dulos semanales<\/span><\/h6>\n<p><span data-text-color=\"primary\">Segundo Ciclo<\/span><\/p>\n<h6><span data-text-bg=\"primary\">4 m\u00f3dulos semanales<\/span><\/h6>\n<p>Preparamos a los alumnos para tener las competencias necesarias en el idioma Ingl\u00e9s, favoreciendo un desarrollo comunicativo que podr\u00e1n aplicar en cualquier \u00e1mbito.<\/p>\n\t\t<\/div>\n\t\t\t\t\t<\/div>\n\n\t\n\n\t<div id=\"col-434891637\" class=\"col modulos-home medium-6 small-12 large-4\"  >\n\t\t\t\t<div class=\"col-inner\"  >\n\t\t\t\n\t\t\t\n<p class=\"pNone\"><img loading=\"lazy\" decoding=\"async\" class=\"alignnone  wp-image-1643\" src=\"https:\/\/colegiotecnova.com.ar\/primario\/wp-content\/uploads\/2020\/09\/WhatsApp-Image-2023-10-05-at-1.09.05-PM.jpeg\" alt=\"\" width=\"332\" height=\"249\" srcset=\"https:\/\/colegiotecnova.com.ar\/primario\/wp-content\/uploads\/2020\/09\/WhatsApp-Image-2023-10-05-at-1.09.05-PM.jpeg 1600w, https:\/\/colegiotecnova.com.ar\/primario\/wp-content\/uploads\/2020\/09\/WhatsApp-Image-2023-10-05-at-1.09.05-PM-768x576.jpeg 768w, https:\/\/colegiotecnova.com.ar\/primario\/wp-content\/uploads\/2020\/09\/WhatsApp-Image-2023-10-05-at-1.09.05-PM-1536x1152.jpeg 1536w\" sizes=\"auto, (max-width: 332px) 100vw, 332px\" \/><\/p>\n<h5>Teatro<\/h5>\n<p><span data-text-color=\"primary\">Primer Ciclo<\/span><\/p>\n<h6><span data-text-bg=\"primary\">2 m\u00f3dulos semanales<\/span><\/h6>\n<p>Actividad para potenciar la creatividad y espontaneidad. En teatro se trabaja el lenguaje corporal para aprender a expresar sentimientos, desarrollar capacidades de autoexpresi\u00f3n y creaci\u00f3n.<\/p>\n<p>\u00a0<\/p>\n\t\t<\/div>\n\t\t\t\t\t<\/div>\n\n\t\n\n\t<div id=\"col-899953555\" class=\"col modulos-home medium-6 small-12 large-4\"  >\n\t\t\t\t<div class=\"col-inner\"  >\n\t\t\t\n\t\t\t\n<p class=\"pNone\"><img loading=\"lazy\" decoding=\"async\" class=\"alignnone  wp-image-1645\" src=\"https:\/\/colegiotecnova.com.ar\/primario\/wp-content\/uploads\/2020\/09\/ST1A4336-scaled.jpg\" alt=\"\" width=\"348\" height=\"232\" srcset=\"https:\/\/colegiotecnova.com.ar\/primario\/wp-content\/uploads\/2020\/09\/ST1A4336-scaled.jpg 2560w, https:\/\/colegiotecnova.com.ar\/primario\/wp-content\/uploads\/2020\/09\/ST1A4336-768x512.jpg 768w, https:\/\/colegiotecnova.com.ar\/primario\/wp-content\/uploads\/2020\/09\/ST1A4336-1536x1024.jpg 1536w, https:\/\/colegiotecnova.com.ar\/primario\/wp-content\/uploads\/2020\/09\/ST1A4336-2048x1365.jpg 2048w\" sizes=\"auto, (max-width: 348px) 100vw, 348px\" \/><\/p>\n<h5>Yoga<\/h5>\n<p><span data-text-color=\"primary\">Primer y Segundo Ciclo<\/span><\/p>\n<h6><span data-text-bg=\"primary\">2 m\u00f3dulos semanales<\/span><\/h6>\n<p>Actividad que, adem\u00e1s de ser saludable, fomenta la armon\u00eda ayudando a reducir la ansiedad y las tensiones. Hacer yoga aumenta la flexibilidad, la coordinaci\u00f3n y el equilibrio, estimulando el autocontrol y el autoconocimiento.<\/p>\n<p>\u00a0<\/p>\n\t\t<\/div>\n\t\t\t\t\t<\/div>\n\n\t\n\n\t<div id=\"col-1663626670\" class=\"col modulos-home medium-6 small-12 large-4\"  >\n\t\t\t\t<div class=\"col-inner\"  >\n\t\t\t\n\t\t\t\n<h5><img loading=\"lazy\" decoding=\"async\" class=\"alignnone size-full wp-image-1574\" src=\"https:\/\/colegiotecnova.com.ar\/primario\/wp-content\/uploads\/2024\/10\/WhatsApp-Image-2024-03-18-at-9.39.24-AM-2.jpeg\" alt=\"\" width=\"1600\" height=\"1204\" srcset=\"https:\/\/colegiotecnova.com.ar\/primario\/wp-content\/uploads\/2024\/10\/WhatsApp-Image-2024-03-18-at-9.39.24-AM-2.jpeg 1600w, https:\/\/colegiotecnova.com.ar\/primario\/wp-content\/uploads\/2024\/10\/WhatsApp-Image-2024-03-18-at-9.39.24-AM-2-768x578.jpeg 768w, https:\/\/colegiotecnova.com.ar\/primario\/wp-content\/uploads\/2024\/10\/WhatsApp-Image-2024-03-18-at-9.39.24-AM-2-1536x1156.jpeg 1536w\" sizes=\"auto, (max-width: 1600px) 100vw, 1600px\" \/>Apoyo Escolar<\/h5>\n<p><span data-text-color=\"primary\">Primer y Segundo Ciclo<\/span><\/p>\n<h6><span data-text-bg=\"primary\">5 m\u00f3dulos semanales<\/span><\/h6>\n<p>Brindamos un espacio donde los alumnos junto a la docente realizan las tareas asignadas durante el d\u00eda y refuerzan los contenidos adquiridos. Tambi\u00e9n utilizan distintas estrategias de aprendizaje y t\u00e9cnicas de estudio que les permite avanzar brind\u00e1ndoles una herramienta muy \u00fatil a lo largo de toda la trayectoria escolar.<\/p>\n<p><img loading=\"lazy\" decoding=\"async\" class=\"alignnone  wp-image-1698\" src=\"https:\/\/colegiotecnova.com.ar\/primario\/wp-content\/uploads\/2025\/02\/ST1A4493-1-scaled.jpg\" alt=\"\" width=\"330\" height=\"220\" srcset=\"https:\/\/colegiotecnova.com.ar\/primario\/wp-content\/uploads\/2025\/02\/ST1A4493-1-scaled.jpg 2560w, https:\/\/colegiotecnova.com.ar\/primario\/wp-content\/uploads\/2025\/02\/ST1A4493-1-768x512.jpg 768w, https:\/\/colegiotecnova.com.ar\/primario\/wp-content\/uploads\/2025\/02\/ST1A4493-1-1536x1024.jpg 1536w, https:\/\/colegiotecnova.com.ar\/primario\/wp-content\/uploads\/2025\/02\/ST1A4493-1-2048x1365.jpg 2048w\" sizes=\"auto, (max-width: 330px) 100vw, 330px\" \/><\/p>\n<h5>Ajedrez<\/h5>\n<p><span data-text-color=\"primary\">Primer y Segundo Ciclo<\/span><\/p>\n<h6><span data-text-bg=\"primary\">1 m\u00f3dulo semanal<\/span><\/h6>\n<p>Esta actividad posibilita el desarrollo mental, fomenta la capacidad de concentraci\u00f3n, la toma de decisiones y el razonamiento l\u00f3gico-matem\u00e1tico.<\/p>\n<h5><img loading=\"lazy\" decoding=\"async\" class=\"alignnone size-full wp-image-1699\" src=\"https:\/\/colegiotecnova.com.ar\/primario\/wp-content\/uploads\/2025\/02\/WhatsApp-Image-2023-10-25-at-11.22.42-AM-2.jpeg\" alt=\"\" width=\"1600\" height=\"900\" srcset=\"https:\/\/colegiotecnova.com.ar\/primario\/wp-content\/uploads\/2025\/02\/WhatsApp-Image-2023-10-25-at-11.22.42-AM-2.jpeg 1600w, https:\/\/colegiotecnova.com.ar\/primario\/wp-content\/uploads\/2025\/02\/WhatsApp-Image-2023-10-25-at-11.22.42-AM-2-768x432.jpeg 768w, https:\/\/colegiotecnova.com.ar\/primario\/wp-content\/uploads\/2025\/02\/WhatsApp-Image-2023-10-25-at-11.22.42-AM-2-1536x864.jpeg 1536w\" sizes=\"auto, (max-width: 1600px) 100vw, 1600px\" \/>M\u00fasica: Instrumentos<\/h5>\n<p><span data-text-color=\"primary\">Segundo Ciclo<\/span><\/p>\n<h6><span data-text-bg=\"primary\">2 m\u00f3dulos semanales<\/span><\/h6>\n<p>Vivenciar la actividad musical en todas sus expresiones conecta al alumno\/a con su potencial creativo y brinda la posibilidad de descubrir sus capacidades musicales, vocales e instrumentales<\/p>\n<p><img loading=\"lazy\" decoding=\"async\" class=\"alignnone  wp-image-1703\" src=\"https:\/\/colegiotecnova.com.ar\/primario\/wp-content\/uploads\/2025\/02\/IMG_20240423_093811708_HDR-scaled.jpg\" alt=\"\" width=\"330\" height=\"186\" srcset=\"https:\/\/colegiotecnova.com.ar\/primario\/wp-content\/uploads\/2025\/02\/IMG_20240423_093811708_HDR-scaled.jpg 2560w, https:\/\/colegiotecnova.com.ar\/primario\/wp-content\/uploads\/2025\/02\/IMG_20240423_093811708_HDR-768x432.jpg 768w, https:\/\/colegiotecnova.com.ar\/primario\/wp-content\/uploads\/2025\/02\/IMG_20240423_093811708_HDR-1536x864.jpg 1536w, https:\/\/colegiotecnova.com.ar\/primario\/wp-content\/uploads\/2025\/02\/IMG_20240423_093811708_HDR-2048x1153.jpg 2048w\" sizes=\"auto, (max-width: 330px) 100vw, 330px\" \/><\/p>\n<h5>Filosof\u00eda<\/h5>\n<p><span data-text-color=\"primary\">Primer y Segundo Ciclo<\/span><\/p>\n<h6><span data-text-bg=\"primary\">2 m\u00f3dulos semanales<\/span><\/h6>\n<p>Esta actividad hace hincapi\u00e9 en el pensamiento cr\u00edtico, creativo y cuidadoso.<br \/>Las preguntas sobre la existencia de si mismos y el mundo que los rodea son un compendio filos\u00f3fico que abordados en un ambiente de amor y respeto los ayudan a lograr la autopercepci\u00f3n y el autoconocimiento.<\/p>\n\t\t<\/div>\n\t\t\t\t\t<\/div>\n\n\t\n\n\t<div id=\"col-385796550\" class=\"col modulos-home medium-6 small-12 large-4\"  >\n\t\t\t\t<div class=\"col-inner\"  >\n\t\t\t\n\t\t\t\n<p class=\"pNone\"><img loading=\"lazy\" decoding=\"async\" class=\"alignnone  wp-image-1563\" src=\"https:\/\/colegiotecnova.com.ar\/primario\/wp-content\/uploads\/2024\/10\/WhatsApp-Image-2024-10-05-at-9.55.24-PM.jpeg\" alt=\"ni\u00f1os aprendiendo robotica escolar colegio primario\" width=\"330\" height=\"220\" srcset=\"https:\/\/colegiotecnova.com.ar\/primario\/wp-content\/uploads\/2024\/10\/WhatsApp-Image-2024-10-05-at-9.55.24-PM.jpeg 1600w, https:\/\/colegiotecnova.com.ar\/primario\/wp-content\/uploads\/2024\/10\/WhatsApp-Image-2024-10-05-at-9.55.24-PM-768x512.jpeg 768w, https:\/\/colegiotecnova.com.ar\/primario\/wp-content\/uploads\/2024\/10\/WhatsApp-Image-2024-10-05-at-9.55.24-PM-1536x1023.jpeg 1536w\" sizes=\"auto, (max-width: 330px) 100vw, 330px\" \/><\/p>\n<h5>Rob\u00f3tica<\/h5>\n<p><span data-text-color=\"primary\">Primer y Segundo Ciclo<\/span><\/p>\n<h6><span data-text-bg=\"primary\">2 modulos semanales<\/span><\/h6>\n<p>La rob\u00f3tica como la programaci\u00f3n favorecen el trabajo en equipo y la colaboraci\u00f3n. Resultan esenciales para promover el aprendizaje entre pares y forman parte de los modos de construcci\u00f3n de conocimiento y de las culturas del mundo del trabajo de la sociedad digital. En estos campos del conocimiento, confluyen tanto la l\u00f3gica y la abstracci\u00f3n ,como la imaginaci\u00f3n, la expresi\u00f3n y la capacidad de idear y de construir en forma individual o con otros.<\/p>\n<p>\u00a0<\/p>\n<p><img loading=\"lazy\" decoding=\"async\" class=\"alignnone  wp-image-1636\" src=\"https:\/\/colegiotecnova.com.ar\/primario\/wp-content\/uploads\/2024\/11\/ST1A4471-scaled.jpg\" alt=\"\" width=\"330\" height=\"220\" srcset=\"https:\/\/colegiotecnova.com.ar\/primario\/wp-content\/uploads\/2024\/11\/ST1A4471-scaled.jpg 2560w, https:\/\/colegiotecnova.com.ar\/primario\/wp-content\/uploads\/2024\/11\/ST1A4471-768x512.jpg 768w, https:\/\/colegiotecnova.com.ar\/primario\/wp-content\/uploads\/2024\/11\/ST1A4471-1536x1024.jpg 1536w, https:\/\/colegiotecnova.com.ar\/primario\/wp-content\/uploads\/2024\/11\/ST1A4471-2048x1365.jpg 2048w\" sizes=\"auto, (max-width: 330px) 100vw, 330px\" \/><\/p>\n<h5>Inform\u00e1tica<\/h5>\n<p><span data-text-color=\"primary\">Primer Ciclo<\/span><\/p>\n<h6><span data-text-bg=\"primary\">2 modulos semanales<\/span><\/h6>\n<p>Familiarizar a los alumnos \/as con la tecnolog\u00eda, dinamiza e innova el proceso de ense\u00f1anza aprendizaje por medio de clases interactivas , agradables que contribuir\u00e1n a su desarrollo integral .<\/p>\n<p>\u00a0<img loading=\"lazy\" decoding=\"async\" class=\"alignnone size-medium wp-image-1701\" src=\"https:\/\/colegiotecnova.com.ar\/primario\/wp-content\/uploads\/2025\/02\/ST1A4302-1-scaled.jpg\" alt=\"\" width=\"2560\" height=\"1707\" srcset=\"https:\/\/colegiotecnova.com.ar\/primario\/wp-content\/uploads\/2025\/02\/ST1A4302-1-scaled.jpg 2560w, https:\/\/colegiotecnova.com.ar\/primario\/wp-content\/uploads\/2025\/02\/ST1A4302-1-768x512.jpg 768w, https:\/\/colegiotecnova.com.ar\/primario\/wp-content\/uploads\/2025\/02\/ST1A4302-1-1536x1024.jpg 1536w, https:\/\/colegiotecnova.com.ar\/primario\/wp-content\/uploads\/2025\/02\/ST1A4302-1-2048x1365.jpg 2048w\" sizes=\"auto, (max-width: 2560px) 100vw, 2560px\" \/><\/p>\n<h5>Deportes<\/h5>\n<p><span data-text-color=\"primary\">Segundo Ciclo<\/span><\/p>\n<h6><span data-text-bg=\"primary\">2 modulos semanales<\/span><\/h6>\n<p>Est\u00e1 actividad brindar\u00e1 un espacio para desarrollar dos deportes como lo son el handball y el f\u00fatbol, su reglamento, entrenamiento y competencia para que los alumnos\/as puedan beneficiarse con su pr\u00e1ctica .<\/p>\n<p>\u00a0<\/p>\n\t\t<\/div>\n\t\t\t\t\t<\/div>\n\n\t\n\n\t<div id=\"col-440574717\" class=\"col modulos-home medium-6 small-12 large-4\"  >\n\t\t\t\t<div class=\"col-inner\"  >\n\t\t\t\n\t\t\t\n<p class=\"pNone\"><img loading=\"lazy\" decoding=\"async\" class=\"alignnone  wp-image-1702\" src=\"https:\/\/colegiotecnova.com.ar\/primario\/wp-content\/uploads\/2025\/02\/ST1A4468-scaled.jpg\" alt=\"\" width=\"330\" height=\"220\" srcset=\"https:\/\/colegiotecnova.com.ar\/primario\/wp-content\/uploads\/2025\/02\/ST1A4468-scaled.jpg 2560w, https:\/\/colegiotecnova.com.ar\/primario\/wp-content\/uploads\/2025\/02\/ST1A4468-768x512.jpg 768w, https:\/\/colegiotecnova.com.ar\/primario\/wp-content\/uploads\/2025\/02\/ST1A4468-1536x1024.jpg 1536w, https:\/\/colegiotecnova.com.ar\/primario\/wp-content\/uploads\/2025\/02\/ST1A4468-2048x1365.jpg 2048w\" sizes=\"auto, (max-width: 330px) 100vw, 330px\" \/><\/p>\n<h5>Medios Audiovisuales<\/h5>\n<p><span data-text-color=\"primary\">Segundo Ciclo<\/span><\/p>\n<h6><span data-text-bg=\"primary\">2 modulos semanales<\/span><\/h6>\n<p>Mediante esta actividad favoreceremos el modo de aprender ya que los medios audiovisuales aportan una manera diferente de incorporar conocimientos m\u00e1s creativa , participativa y motivadora fundamental para el alumno\/a de hoy .<\/p>\n<p>\u00a0<\/p>\n<p class=\"pNone\"><img loading=\"lazy\" decoding=\"async\" class=\"alignnone  wp-image-1028\" src=\"https:\/\/colegiotecnova.com.ar\/primario\/wp-content\/uploads\/2023\/03\/WhatsApp-Image-2023-03-08-at-10.33.04-AM.jpeg\" alt=\"\" width=\"330\" height=\"438\" srcset=\"https:\/\/colegiotecnova.com.ar\/primario\/wp-content\/uploads\/2023\/03\/WhatsApp-Image-2023-03-08-at-10.33.04-AM.jpeg 1204w, https:\/\/colegiotecnova.com.ar\/primario\/wp-content\/uploads\/2023\/03\/WhatsApp-Image-2023-03-08-at-10.33.04-AM-768x1021.jpeg 768w\" sizes=\"auto, (max-width: 330px) 100vw, 330px\" \/><\/p>\n<h5>Ecoarte<\/h5>\n<p><span data-text-color=\"primary\">Primer y Segundo Ciclo<\/span><\/p>\n<p>Tiene el fin de concientizar para un uso del planeta de manera racional, para llegar as\u00ed a un desarrollo sostenible.<br \/>\u00abSatisfacer las necesidades del presente , sin comprometer la capacidad de las futuras generaciones de satisfacer las suyas\u00bb<\/p>\n<p><em>Esta actividad se dictara cuando no se puedan dictar las actividades establecidas por ausencia del docente u otro motivo.<\/em><\/p>\n<p>\u00a0<\/p>\n<p class=\"pNone\">\u00a0<\/p>\n<p>\u00a0<\/p>\n<p>\u00a0<\/p>\n<p>\u00a0<\/p>\n<p>\u00a0<\/p>\n\t\t<\/div>\n\t\t\t\t\t<\/div>\n\n\t\n<\/div>\n\t\t<\/div>\n\t\t\t\t\t<\/div>\n\n\t\n<\/div>\n\t\t<\/div>\n\n\t\t\n<style>\n#section_1062969842 {\n  padding-top: 0px;\n  padding-bottom: 0px;\n}\n<\/style>\n\t<\/section>\n\t\n\t<section class=\"section home-nosotros\" id=\"section_686635364\">\n\t\t<div class=\"bg section-bg fill bg-fill  bg-loaded\" >\n\n\t\t\t\n\t\t\t\n\t\t\t\n\n\t\t<\/div>\n\n\t\t\n\n\t\t<div class=\"section-content relative\">\n\t\t\t\n<div class=\"row row-collapse\"  id=\"row-1901096665\">\n\n\t<div id=\"col-814516743\" class=\"col hide-for-small medium-2 small-12 large-3\"  >\n\t\t\t\t<div class=\"col-inner\"  >\n\t\t\t\n\t\t\t\n\t\t<\/div>\n\t\t\t\t\t<\/div>\n\n\t\n\n\t<div id=\"col-1521880028\" class=\"col sobre-nosotros medium-8 small-12 large-6\"  >\n\t\t\t\t<div class=\"col-inner text-left\"  >\n\t\t\t\n\t\t\t\n<h2>Sobre nosotros<\/h2>\n<p>Tecnova nace como un colegio de nivel primario que presta atenci\u00f3n a los cambios del mundo de hoy para incorporarlos en su metodolog\u00eda de trabajo y formar a las personas del ma\u00f1ana.<\/p>\n<p>Creemos que cada alumno aporta algo, al ser \u00fanicos e irrepetibles. Por eso, combinamos diversas disciplinas que nos sirven como herramientas para la formaci\u00f3n de personas en todos sus \u00e1mbitos de vida.<\/p>\n\t\t<\/div>\n\t\t\t\t\t<\/div>\n\n\t\n\n\t<div id=\"col-995501951\" class=\"col hide-for-small medium-2 small-12 large-3\"  >\n\t\t\t\t<div class=\"col-inner\"  >\n\t\t\t\n\t\t\t\n\t\t<\/div>\n\t\t\t\t\t<\/div>\n\n\t\n<\/div>\n\t\t<\/div>\n\n\t\t\n<style>\n#section_686635364 {\n  padding-top: 30px;\n  padding-bottom: 30px;\n  background-color: rgb(143, 10, 76);\n}\n<\/style>\n\t<\/section>\n\t\n\t<section class=\"section home-mision\" id=\"section_1229909674\">\n\t\t<div class=\"bg section-bg fill bg-fill  bg-loaded\" >\n\n\t\t\t\n\t\t\t<div class=\"section-bg-overlay absolute fill\"><\/div>\n\t\t\t\n\n\t\t<\/div>\n\n\t\t\n\n\t\t<div class=\"section-content relative\">\n\t\t\t\n<div class=\"row row-small\"  id=\"row-1317868379\">\n\n\t<div id=\"col-479346464\" class=\"col nuestra-mision small-12 large-12\"  >\n\t\t\t\t<div class=\"col-inner text-center\"  >\n\t\t\t\n\t\t\t\n<h2>Nuestra misi\u00f3n<\/h2>\n\t\t<\/div>\n\t\t\t\t\t<\/div>\n\n\t\n\n\t<div id=\"col-1634266017\" class=\"col col-mision mision-1 medium-4 small-12 large-4\"  >\n\t\t\t\t<div class=\"col-inner\"  >\n\t\t\t\n\t\t\t\n<p>Brindar a la comunidad un espacio educativo para el conocimiento y la formaci\u00f3n.<\/p>\n\t\t<\/div>\n\t\t\t\t\t<\/div>\n\n\t\n\n\t<div id=\"col-780423393\" class=\"col col-mision mision-2 medium-4 small-12 large-4\"  >\n\t\t\t\t<div class=\"col-inner\"  >\n\t\t\t\n\t\t\t\n<p>Ofrecer herramientas tecnol\u00f3gicas y diversas disciplinas.<\/p>\n\t\t<\/div>\n\t\t\t\t\t<\/div>\n\n\t\n\n\t<div id=\"col-1838321770\" class=\"col col-mision mision-3 medium-4 small-12 large-4\"  >\n\t\t\t\t<div class=\"col-inner\"  >\n\t\t\t\n\t\t\t\n<p>Comprometernos con los tiempos de aprendizaje de cada alumno.<\/p>\n\t\t<\/div>\n\t\t\t\t\t<\/div>\n\n\t\n\n\t<div id=\"col-455998918\" class=\"col col-mision mision-4 medium-8 small-12 large-8\"  >\n\t\t\t\t<div class=\"col-inner\"  >\n\t\t\t\n\t\t\t\n<p>Promover la formaci\u00f3n de personas libres, respetuosas, solidarias, creativas, en comuni\u00f3n con su ambiente social y natural, y con deseos de superaci\u00f3n.<\/p>\n\t\t<\/div>\n\t\t\t\t\t<\/div>\n\n\t\n\n\t<div id=\"col-1642818912\" class=\"col col-mision mision-5 medium-4 small-12 large-4\"  >\n\t\t\t\t<div class=\"col-inner\"  >\n\t\t\t\n\t\t\t\n<p>\u00abEl arte supremo del maestro es despertar el placer de la expresi\u00f3n creativa y el conocimiento.\u00bb<\/p>\n<h5>Albert Einstein<\/h5>\n\t\t<\/div>\n\t\t\t\t\t<\/div>\n\n\t\n<\/div>\n\t\t<\/div>\n\n\t\t\n<style>\n#section_1229909674 {\n  padding-top: 30px;\n  padding-bottom: 30px;\n}\n#section_1229909674 .section-bg-overlay {\n  background-color: rgb(245, 245, 245);\n}\n<\/style>\n\t<\/section>\n\t\n\n<p><a id=\"ubicacion\" name=\"ubicacion\"><\/a><br \/>\n\n\t<section class=\"section map-section\" id=\"section_409971092\">\n\t\t<div class=\"bg section-bg fill bg-fill  bg-loaded\" >\n\n\t\t\t\n\t\t\t<div class=\"section-bg-overlay absolute fill\"><\/div>\n\t\t\t\n\n\t\t<\/div>\n\n\t\t\n\n\t\t<div class=\"section-content relative\">\n\t\t\t\n<div class=\"row row-collapse\"  id=\"row-873054526\">\n\n\t<div id=\"col-529957973\" class=\"col col-nomapa medium-6 large-6\"  >\n\t\t\t\t<div class=\"col-inner\"  >\n\t\t\t\n\t\t\t\n<h4>Info de Contacto<\/h4>\n<ul>\n<li>Telefono: <a href=\"tel:01132531313\">011 3253-1313<\/a><\/li>\n<li>Correo: <a href=\"mailto:info@colegiotecnova.com.ar\">info@colegiotecnova.com.ar<\/a><\/li>\n<li>Ubicaci\u00f3n: <a target=\"_blank\" href=\"https:\/\/www.google.com\/maps\/place\/Remedios+de+Escalada+de+San+Mart%C3%ADn+701,+B1823+Lan%C3%BAs+Oeste,+Buenos+Aires\/@-34.6901284,-58.394606,17z\/data=!3m1!4b1!4m5!3m4!1s0x95bcccc2cbe25ee5:0xd8cba40e26e5fc7f!8m2!3d-34.6901284!4d-58.3924173\" rel=\"noopener noreferrer\">Av. Remedios de Escalada 701, Lanus<\/a><\/li>\n<\/ul>\n\t\t<\/div>\n\t\t\t\t\t<\/div>\n\n\t\n\n\t<div id=\"col-37897204\" class=\"col medium-6 large-6\"  >\n\t\t\t\t<div class=\"col-inner\"  >\n\t\t\t\n\t\t\t\n\n\t<script type=\"text\/javascript\">\n  jQuery( document ).ready(function() {\n    function initialize() {\n        var styles = {\n            'flatsome':  [{\n            \"featureType\": \"administrative\",\n            \"stylers\": [\n              { \"visibility\": \"on\" }\n            ]\n          },\n          {\n            \"featureType\": \"road\",\n            \"stylers\": [\n              { \"visibility\": \"on\" },\n              { \"hue\": \"\" }\n            ]\n          },\n          {\n            \"stylers\": [\n\t\t\t  { \"visibility\": \"on\" },\n\t\t\t  { \"hue\": \"\" },\n\t\t\t  { \"saturation\": -30 }\n            ]\n          }\n        ]};\n\n        var myLatlng = new google.maps.LatLng(-34.689952, -58.3919276);\n        var myOptions = {\n            zoom: 16,\n            center: myLatlng,\n            mapTypeId: google.maps.MapTypeId.ROADMAP,\n            disableDefaultUI: true,\n            mapTypeId: 'flatsome',\n            draggable: true,\n            zoomControl: true,\n            zoomControlOptions: {\n              position: google.maps.ControlPosition.TOP_LEFT\n            },\n      \t\t\t\/\/ panControl: true,\n            \/\/ panControlOptions: {\n            \/\/   position: google.maps.ControlPosition.TOP_LEFT\n            \/\/ },\n      \t\t\tmapTypeControl: true,\n            mapTypeControlOptions: {\n              position: google.maps.ControlPosition.TOP_LEFT\n            },\n      \t\t\t\/\/ scaleControl: true,\n            \/\/ scaleControlOptions: {\n            \/\/   position: google.maps.ControlPosition.TOP_LEFT\n            \/\/ },\n      \t\t\tstreetViewControl: true,\n            streetViewControlOptions: {\n              position: google.maps.ControlPosition.TOP_LEFT\n            },\n      \t\t\t\/\/ overviewMapControl: true,\n            \/\/ overviewMapControlOptions: {\n            \/\/   position: google.maps.ControlPosition.TOP_LEFT\n            \/\/ },\n            scrollwheel: false,\n            disableDoubleClickZoom: true\n        }\n        var map = new google.maps.Map(document.getElementById(\"map-183460790-inner\"), myOptions);\n        var styledMapType = new google.maps.StyledMapType(styles['flatsome'], {name: 'flatsome'});\n        map.mapTypes.set('flatsome', styledMapType);\n\n        var marker = new google.maps.Marker({\n            position: myLatlng,\n            map: map,\n            title:\"\"\n        });\n    }\n\n    \/\/ Required to proceed\n    if (!(typeof google === 'object' && typeof google.maps === 'object')) {\n      return\n    }\n\n    initialize()\n    google.maps.event.addDomListener(window, 'resize', initialize);\n    });\n    <\/script>\n\n    <div class=\"google-map relative mb mapa-tecnova\" id=\"map-183460790\">\n        <div class=\"map-height\" id=\"map-183460790-inner\"><\/div>\n        <div id=\"map_overlay_top\"><\/div>\n        <div id=\"map_overlay_bottom\"><\/div>\n         \n       \n<style>\n#map-183460790 .map-inner {\n  background-color: #fff;\n  max-width: 100%;\n}\n#map-183460790 .map-height {\n  height: 360px;\n}\n@media (min-width:550px) {\n  #map-183460790 .map-inner {\n    max-width: 40%;\n  }\n}\n@media (min-width:850px) {\n  #map-183460790 .map-inner {\n    max-width: 30%;\n  }\n}\n<\/style>\n    <\/div>\n\n\t\n\t\t<\/div>\n\t\t\t\t\t<\/div>\n\n\t\n<\/div>\n\t\t<\/div>\n\n\t\t\n<style>\n#section_409971092 {\n  padding-top: 0px;\n  padding-bottom: 0px;\n}\n#section_409971092 .section-bg-overlay {\n  background-color: rgb(167, 45, 105);\n}\n<\/style>\n\t<\/section>\n\t\n","protected":false},"excerpt":{"rendered":"","protected":false},"author":1,"featured_media":0,"parent":0,"menu_order":0,"comment_status":"closed","ping_status":"closed","template":"page-blank.php","meta":{"_joinchat":[],"footnotes":""},"class_list":["post-26","page","type-page","status-publish","hentry"],"yoast_head":"<!-- This site is optimized with the Yoast SEO plugin v23.1 - https:\/\/yoast.com\/wordpress\/plugins\/seo\/ -->\n<title>Home - Colegio Tecnova<\/title>\n<meta name=\"robots\" content=\"index, follow, max-snippet:-1, max-image-preview:large, max-video-preview:-1\" \/>\n<link rel=\"canonical\" href=\"https:\/\/colegiotecnova.com.ar\/primario\/\" \/>\n<meta property=\"og:locale\" content=\"es_ES\" \/>\n<meta property=\"og:type\" content=\"article\" \/>\n<meta property=\"og:title\" content=\"Home - Colegio Tecnova\" \/>\n<meta property=\"og:url\" content=\"https:\/\/colegiotecnova.com.ar\/primario\/\" \/>\n<meta property=\"og:site_name\" content=\"Colegio Tecnova\" \/>\n<meta property=\"article:publisher\" content=\"https:\/\/www.facebook.com\/colegiotecnova\/\" \/>\n<meta property=\"article:modified_time\" content=\"2025-05-26T15:42:05+00:00\" \/>\n<meta property=\"og:image\" content=\"https:\/\/colegiotecnova.com.ar\/primario\/wp-content\/uploads\/2025\/02\/ST1A4423-scaled.jpg\" \/>\n<meta name=\"twitter:card\" content=\"summary_large_image\" \/>\n<meta name=\"twitter:label1\" content=\"Tiempo de lectura\" \/>\n\t<meta name=\"twitter:data1\" content=\"9 minutos\" \/>\n<script type=\"application\/ld+json\" class=\"yoast-schema-graph\">{\"@context\":\"https:\/\/schema.org\",\"@graph\":[{\"@type\":\"WebPage\",\"@id\":\"https:\/\/colegiotecnova.com.ar\/primario\/\",\"url\":\"https:\/\/colegiotecnova.com.ar\/primario\/\",\"name\":\"Home - Colegio Tecnova\",\"isPartOf\":{\"@id\":\"https:\/\/colegiotecnova.com.ar\/primario\/#website\"},\"primaryImageOfPage\":{\"@id\":\"https:\/\/colegiotecnova.com.ar\/primario\/#primaryimage\"},\"image\":{\"@id\":\"https:\/\/colegiotecnova.com.ar\/primario\/#primaryimage\"},\"thumbnailUrl\":\"https:\/\/colegiotecnova.com.ar\/primario\/wp-content\/uploads\/2025\/02\/ST1A4423-scaled.jpg\",\"datePublished\":\"2019-09-05T17:48:40+00:00\",\"dateModified\":\"2025-05-26T15:42:05+00:00\",\"breadcrumb\":{\"@id\":\"https:\/\/colegiotecnova.com.ar\/primario\/#breadcrumb\"},\"inLanguage\":\"es\",\"potentialAction\":[{\"@type\":\"ReadAction\",\"target\":[\"https:\/\/colegiotecnova.com.ar\/primario\/\"]}]},{\"@type\":\"ImageObject\",\"inLanguage\":\"es\",\"@id\":\"https:\/\/colegiotecnova.com.ar\/primario\/#primaryimage\",\"url\":\"https:\/\/colegiotecnova.com.ar\/primario\/wp-content\/uploads\/2025\/02\/ST1A4423-scaled.jpg\",\"contentUrl\":\"https:\/\/colegiotecnova.com.ar\/primario\/wp-content\/uploads\/2025\/02\/ST1A4423-scaled.jpg\",\"width\":2560,\"height\":1707},{\"@type\":\"BreadcrumbList\",\"@id\":\"https:\/\/colegiotecnova.com.ar\/primario\/#breadcrumb\",\"itemListElement\":[{\"@type\":\"ListItem\",\"position\":1,\"name\":\"Portada\",\"item\":\"https:\/\/colegiotecnova.com.ar\/primario\/\"},{\"@type\":\"ListItem\",\"position\":2,\"name\":\"Home\"}]},{\"@type\":\"WebSite\",\"@id\":\"https:\/\/colegiotecnova.com.ar\/primario\/#website\",\"url\":\"https:\/\/colegiotecnova.com.ar\/primario\/\",\"name\":\"Colegio Tecnova\",\"description\":\"Ciclo Primario\",\"publisher\":{\"@id\":\"https:\/\/colegiotecnova.com.ar\/primario\/#organization\"},\"potentialAction\":[{\"@type\":\"SearchAction\",\"target\":{\"@type\":\"EntryPoint\",\"urlTemplate\":\"https:\/\/colegiotecnova.com.ar\/primario\/?s={search_term_string}\"},\"query-input\":\"required name=search_term_string\"}],\"inLanguage\":\"es\"},{\"@type\":\"Organization\",\"@id\":\"https:\/\/colegiotecnova.com.ar\/primario\/#organization\",\"name\":\"Colegio Tecnova\",\"url\":\"https:\/\/colegiotecnova.com.ar\/primario\/\",\"logo\":{\"@type\":\"ImageObject\",\"inLanguage\":\"es\",\"@id\":\"https:\/\/colegiotecnova.com.ar\/primario\/#\/schema\/logo\/image\/\",\"url\":\"https:\/\/colegiotecnova.com.ar\/primario\/wp-content\/uploads\/2019\/09\/tecnova-logo.svg\",\"contentUrl\":\"https:\/\/colegiotecnova.com.ar\/primario\/wp-content\/uploads\/2019\/09\/tecnova-logo.svg\",\"width\":1,\"height\":1,\"caption\":\"Colegio Tecnova\"},\"image\":{\"@id\":\"https:\/\/colegiotecnova.com.ar\/primario\/#\/schema\/logo\/image\/\"},\"sameAs\":[\"https:\/\/www.facebook.com\/colegiotecnova\/\",\"https:\/\/www.instagram.com\/colegiotecnova\/\"]}]}<\/script>\n<!-- \/ Yoast SEO plugin. -->","yoast_head_json":{"title":"Home - Colegio Tecnova","robots":{"index":"index","follow":"follow","max-snippet":"max-snippet:-1","max-image-preview":"max-image-preview:large","max-video-preview":"max-video-preview:-1"},"canonical":"https:\/\/colegiotecnova.com.ar\/primario\/","og_locale":"es_ES","og_type":"article","og_title":"Home - Colegio Tecnova","og_url":"https:\/\/colegiotecnova.com.ar\/primario\/","og_site_name":"Colegio Tecnova","article_publisher":"https:\/\/www.facebook.com\/colegiotecnova\/","article_modified_time":"2025-05-26T15:42:05+00:00","og_image":[{"url":"https:\/\/colegiotecnova.com.ar\/primario\/wp-content\/uploads\/2025\/02\/ST1A4423-scaled.jpg"}],"twitter_card":"summary_large_image","twitter_misc":{"Tiempo de lectura":"9 minutos"},"schema":{"@context":"https:\/\/schema.org","@graph":[{"@type":"WebPage","@id":"https:\/\/colegiotecnova.com.ar\/primario\/","url":"https:\/\/colegiotecnova.com.ar\/primario\/","name":"Home - Colegio Tecnova","isPartOf":{"@id":"https:\/\/colegiotecnova.com.ar\/primario\/#website"},"primaryImageOfPage":{"@id":"https:\/\/colegiotecnova.com.ar\/primario\/#primaryimage"},"image":{"@id":"https:\/\/colegiotecnova.com.ar\/primario\/#primaryimage"},"thumbnailUrl":"https:\/\/colegiotecnova.com.ar\/primario\/wp-content\/uploads\/2025\/02\/ST1A4423-scaled.jpg","datePublished":"2019-09-05T17:48:40+00:00","dateModified":"2025-05-26T15:42:05+00:00","breadcrumb":{"@id":"https:\/\/colegiotecnova.com.ar\/primario\/#breadcrumb"},"inLanguage":"es","potentialAction":[{"@type":"ReadAction","target":["https:\/\/colegiotecnova.com.ar\/primario\/"]}]},{"@type":"ImageObject","inLanguage":"es","@id":"https:\/\/colegiotecnova.com.ar\/primario\/#primaryimage","url":"https:\/\/colegiotecnova.com.ar\/primario\/wp-content\/uploads\/2025\/02\/ST1A4423-scaled.jpg","contentUrl":"https:\/\/colegiotecnova.com.ar\/primario\/wp-content\/uploads\/2025\/02\/ST1A4423-scaled.jpg","width":2560,"height":1707},{"@type":"BreadcrumbList","@id":"https:\/\/colegiotecnova.com.ar\/primario\/#breadcrumb","itemListElement":[{"@type":"ListItem","position":1,"name":"Portada","item":"https:\/\/colegiotecnova.com.ar\/primario\/"},{"@type":"ListItem","position":2,"name":"Home"}]},{"@type":"WebSite","@id":"https:\/\/colegiotecnova.com.ar\/primario\/#website","url":"https:\/\/colegiotecnova.com.ar\/primario\/","name":"Colegio Tecnova","description":"Ciclo Primario","publisher":{"@id":"https:\/\/colegiotecnova.com.ar\/primario\/#organization"},"potentialAction":[{"@type":"SearchAction","target":{"@type":"EntryPoint","urlTemplate":"https:\/\/colegiotecnova.com.ar\/primario\/?s={search_term_string}"},"query-input":"required name=search_term_string"}],"inLanguage":"es"},{"@type":"Organization","@id":"https:\/\/colegiotecnova.com.ar\/primario\/#organization","name":"Colegio Tecnova","url":"https:\/\/colegiotecnova.com.ar\/primario\/","logo":{"@type":"ImageObject","inLanguage":"es","@id":"https:\/\/colegiotecnova.com.ar\/primario\/#\/schema\/logo\/image\/","url":"https:\/\/colegiotecnova.com.ar\/primario\/wp-content\/uploads\/2019\/09\/tecnova-logo.svg","contentUrl":"https:\/\/colegiotecnova.com.ar\/primario\/wp-content\/uploads\/2019\/09\/tecnova-logo.svg","width":1,"height":1,"caption":"Colegio Tecnova"},"image":{"@id":"https:\/\/colegiotecnova.com.ar\/primario\/#\/schema\/logo\/image\/"},"sameAs":["https:\/\/www.facebook.com\/colegiotecnova\/","https:\/\/www.instagram.com\/colegiotecnova\/"]}]}},"_links":{"self":[{"href":"https:\/\/colegiotecnova.com.ar\/primario\/wp-json\/wp\/v2\/pages\/26","targetHints":{"allow":["GET"]}}],"collection":[{"href":"https:\/\/colegiotecnova.com.ar\/primario\/wp-json\/wp\/v2\/pages"}],"about":[{"href":"https:\/\/colegiotecnova.com.ar\/primario\/wp-json\/wp\/v2\/types\/page"}],"author":[{"embeddable":true,"href":"https:\/\/colegiotecnova.com.ar\/primario\/wp-json\/wp\/v2\/users\/1"}],"replies":[{"embeddable":true,"href":"https:\/\/colegiotecnova.com.ar\/primario\/wp-json\/wp\/v2\/comments?post=26"}],"version-history":[{"count":275,"href":"https:\/\/colegiotecnova.com.ar\/primario\/wp-json\/wp\/v2\/pages\/26\/revisions"}],"predecessor-version":[{"id":1852,"href":"https:\/\/colegiotecnova.com.ar\/primario\/wp-json\/wp\/v2\/pages\/26\/revisions\/1852"}],"wp:attachment":[{"href":"https:\/\/colegiotecnova.com.ar\/primario\/wp-json\/wp\/v2\/media?parent=26"}],"curies":[{"name":"wp","href":"https:\/\/api.w.org\/{rel}","templated":true}]}}